{"id":490,"date":"2020-07-30T14:28:00","date_gmt":"2020-07-30T14:28:00","guid":{"rendered":"https:\/\/nuage.recherche.usherbrooke.ca\/?page_id=490"},"modified":"2025-10-01T10:53:34","modified_gmt":"2025-10-01T14:53:34","slug":"lequipe","status":"publish","type":"page","link":"https:\/\/nuage.recherche.usherbrooke.ca\/en\/lequipe\/","title":{"rendered":"Team"},"content":{"rendered":"\t\t<div data-elementor-type=\"wp-page\" data-elementor-id=\"490\" class=\"elementor elementor-490\">\n\t\t\t\t\t\t<section class=\"elementor-section elementor-top-section elementor-element elementor-element-1b0a5d33 elementor-section-boxed elementor-section-height-default elementor-section-height-default\" data-id=\"1b0a5d33\" data-element_type=\"section\" data-e-type=\"section\" data-settings=\"{&quot;background_background&quot;:&quot;classic&quot;}\">\n\t\t\t\t\t\t\t<div class=\"elementor-background-overlay\"><\/div>\n\t\t\t\t\t\t\t<div class=\"elementor-container elementor-column-gap-default\">\n\t\t\t\t\t<div class=\"elementor-column elementor-col-100 elementor-top-column elementor-element elementor-element-1f841ba\" data-id=\"1f841ba\" data-element_type=\"column\" data-e-type=\"column\">\n\t\t\t<div class=\"elementor-widget-wrap elementor-element-populated\">\n\t\t\t\t\t\t<div class=\"elementor-element elementor-element-365ba0bd elementor-widget elementor-widget-heading\" data-id=\"365ba0bd\" data-element_type=\"widget\" data-e-type=\"widget\" data-widget_type=\"heading.default\">\n\t\t\t\t<div class=\"elementor-widget-container\">\n\t\t\t\t\t<h1 class=\"elementor-heading-title elementor-size-default\">L'\u00e9quipe<\/h1>\t\t\t\t<\/div>\n\t\t\t\t<\/div>\n\t\t\t\t\t<\/div>\n\t\t<\/div>\n\t\t\t\t\t<\/div>\n\t\t<\/section>\n\t\t\t\t<section class=\"elementor-section elementor-top-section elementor-element elementor-element-f9b0a0d elementor-section-boxed elementor-section-height-default elementor-section-height-default\" data-id=\"f9b0a0d\" data-element_type=\"section\" data-e-type=\"section\">\n\t\t\t\t\t\t<div class=\"elementor-container elementor-column-gap-default\">\n\t\t\t\t\t<div class=\"elementor-column elementor-col-100 elementor-top-column elementor-element elementor-element-ece6e25\" data-id=\"ece6e25\" data-element_type=\"column\" data-e-type=\"column\">\n\t\t\t<div class=\"elementor-widget-wrap elementor-element-populated\">\n\t\t\t\t\t\t<div class=\"elementor-element elementor-element-640b511 elementor-widget elementor-widget-heading\" data-id=\"640b511\" data-element_type=\"widget\" data-e-type=\"widget\" data-widget_type=\"heading.default\">\n\t\t\t\t<div class=\"elementor-widget-container\">\n\t\t\t\t\t<span class=\"elementor-heading-title elementor-size-default\"><b>Derni\u00e8re mise \u00e0 jour: <\/b>30 Septembre 2025<\/span>\t\t\t\t<\/div>\n\t\t\t\t<\/div>\n\t\t\t\t\t<\/div>\n\t\t<\/div>\n\t\t\t\t\t<\/div>\n\t\t<\/section>\n\t\t\t\t<section class=\"elementor-section elementor-top-section elementor-element elementor-element-6dcea37 elementor-section-boxed elementor-section-height-default elementor-section-height-default\" data-id=\"6dcea37\" data-element_type=\"section\" data-e-type=\"section\" data-settings=\"{&quot;background_background&quot;:&quot;classic&quot;}\">\n\t\t\t\t\t\t<div class=\"elementor-container elementor-column-gap-default\">\n\t\t\t\t\t<div class=\"elementor-column elementor-col-100 elementor-top-column elementor-element elementor-element-8b5137f\" data-id=\"8b5137f\" data-element_type=\"column\" data-e-type=\"column\">\n\t\t\t<div class=\"elementor-widget-wrap elementor-element-populated\">\n\t\t\t\t\t\t<div class=\"elementor-element elementor-element-4defa35 elementor-widget elementor-widget-text-editor\" data-id=\"4defa35\" data-element_type=\"widget\" data-e-type=\"widget\" data-widget_type=\"text-editor.default\">\n\t\t\t\t<div class=\"elementor-widget-container\">\n\t\t\t\t\t\t\t\t\t<p>Les Banques NuAge sont sous la responsabilit\u00e9 d\u2019un Comit\u00e9 directeur actuellement compos\u00e9 de cinq chercheurs, dont deux assurant l\u2019administration g\u00e9n\u00e9rale de chaque banque, soit :<\/p>\n<ul>\n<li>La Banque de donn\u00e9es, localis\u00e9e au Centre de recherche sur le vieillissement du CIUSSS-de-l\u2019Estrie-CHUS (Sherbrooke, QC, Canada)<\/li>\n<li>La Banque d\u2019\u00e9chantillons biologiques, localis\u00e9e au Centre de recherche du CHUM (Montr\u00e9al, QC, Canada).<\/li>\n<\/ul>\n<p>Ces deux institutions agissent comme fiduciaires de la banque que chacune h\u00e9berge.<\/p>\n<p>Le Comit\u00e9 directeur est \u00e9galement appuy\u00e9 dans ses fonctions par un Comit\u00e9 consultatif compos\u00e9 de trois membres et qui a pour mandat de le conseiller dans la planification des activit\u00e9s scientifiques \u00e0 moyen et \u00e0 long terme.<\/p>\n<p>Le financement actuel des Banques NuAge (Fonds de recherche du Qu\u00e9bec&nbsp;[FRQ]: 1,8M$, 2019-2025; 1,57M$, 2026-2031) permet de maintenir et d\u2019am\u00e9liorer leurs infrastructures, leur gestion, leur promotion et le d\u00e9veloppement des partenariats, notamment en employant des professionnels de recherche qualifi\u00e9s. Ces fonds permettent \u00e9galement de soutenir des initiatives internes visant \u00e0 enrichir les Banques NuAge de nouvelles donn\u00e9es sur les participants de NuAge, et ce, en \u00e9troite collaboration avec les partenaires et l\u2019\u00e9quipe de 16 chercheurs impliqu\u00e9s dans ces d\u00e9marches d\u2019enrichissement.<\/p>\t\t\t\t\t\t\t\t<\/div>\n\t\t\t\t<\/div>\n\t\t\t\t\t<\/div>\n\t\t<\/div>\n\t\t\t\t\t<\/div>\n\t\t<\/section>\n\t\t\t\t<section class=\"elementor-section elementor-top-section elementor-element elementor-element-91b05de elementor-section-boxed elementor-section-height-default elementor-section-height-default\" data-id=\"91b05de\" data-element_type=\"section\" data-e-type=\"section\">\n\t\t\t\t\t\t<div class=\"elementor-container elementor-column-gap-default\">\n\t\t\t\t\t<div class=\"elementor-column elementor-col-100 elementor-top-column elementor-element elementor-element-6256a16\" data-id=\"6256a16\" data-element_type=\"column\" data-e-type=\"column\">\n\t\t\t<div class=\"elementor-widget-wrap elementor-element-populated\">\n\t\t\t\t\t\t<div class=\"elementor-element elementor-element-7886eb1 elementor-widget elementor-widget-heading\" data-id=\"7886eb1\" data-element_type=\"widget\" data-e-type=\"widget\" data-widget_type=\"heading.default\">\n\t\t\t\t<div class=\"elementor-widget-container\">\n\t\t\t\t\t<h2 class=\"elementor-heading-title elementor-size-default\">Comit\u00e9 directeur<\/h2>\t\t\t\t<\/div>\n\t\t\t\t<\/div>\n\t\t\t\t\t<\/div>\n\t\t<\/div>\n\t\t\t\t\t<\/div>\n\t\t<\/section>\n\t\t\t\t<section class=\"elementor-section elementor-top-section elementor-element elementor-element-0782722 elementor-section-boxed elementor-section-height-default elementor-section-height-default\" data-id=\"0782722\" data-element_type=\"section\" data-e-type=\"section\">\n\t\t\t\t\t\t<div class=\"elementor-container elementor-column-gap-default\">\n\t\t\t\t\t<div class=\"elementor-column elementor-col-100 elementor-top-column elementor-element elementor-element-258d110\" data-id=\"258d110\" data-element_type=\"column\" data-e-type=\"column\">\n\t\t\t<div class=\"elementor-widget-wrap elementor-element-populated\">\n\t\t\t\t\t\t<div class=\"elementor-element elementor-element-2d3be01 elementor-widget elementor-widget-text-editor\" data-id=\"2d3be01\" data-element_type=\"widget\" data-e-type=\"widget\" data-widget_type=\"text-editor.default\">\n\t\t\t\t<div class=\"elementor-widget-container\">\n\t\t\t\t\t\t\t\t\t<p>Le Comit\u00e9 directeur exerce \u00e0 la fois des fonctions de direction g\u00e9n\u00e9rale et de d\u00e9veloppement des Banques NuAge, notamment pour d\u00e9finir les orientations strat\u00e9giques et scientifiques, ent\u00e9riner les mesures \u00e0 mettre en place pour une utilisation optimale des banques et pour le maintien de ses activit\u00e9s, assurer le financement des banques, et pour approuver les demandes d\u2019acc\u00e8s et les communications scientifiques d\u00e9coulant de l\u2019utilisation des banques. \u00a0\u00a0<\/p>\t\t\t\t\t\t\t\t<\/div>\n\t\t\t\t<\/div>\n\t\t\t\t\t<\/div>\n\t\t<\/div>\n\t\t\t\t\t<\/div>\n\t\t<\/section>\n\t\t\t\t<section class=\"elementor-section elementor-top-section elementor-element elementor-element-545b06c elementor-section-boxed elementor-section-height-default elementor-section-height-default\" data-id=\"545b06c\" data-element_type=\"section\" data-e-type=\"section\">\n\t\t\t\t\t\t<div class=\"elementor-container elementor-column-gap-default\">\n\t\t\t\t\t<div class=\"elementor-column elementor-col-50 elementor-top-column elementor-element elementor-element-6074a60\" data-id=\"6074a60\" data-element_type=\"column\" data-e-type=\"column\">\n\t\t\t<div class=\"elementor-widget-wrap elementor-element-populated\">\n\t\t\t\t\t\t<section class=\"elementor-section elementor-inner-section elementor-element elementor-element-2883ac3 elementor-section-boxed elementor-section-height-default elementor-section-height-default\" data-id=\"2883ac3\" data-element_type=\"section\" data-e-type=\"section\">\n\t\t\t\t\t\t<div class=\"elementor-container elementor-column-gap-default\">\n\t\t\t\t\t<div class=\"elementor-column elementor-col-50 elementor-inner-column elementor-element elementor-element-1359e6b\" data-id=\"1359e6b\" data-element_type=\"column\" data-e-type=\"column\">\n\t\t\t<div class=\"elementor-widget-wrap elementor-element-populated\">\n\t\t\t\t\t\t<div class=\"elementor-element elementor-element-1ee42c4 elementor-widget elementor-widget-image\" data-id=\"1ee42c4\" data-element_type=\"widget\" data-e-type=\"widget\" data-widget_type=\"image.default\">\n\t\t\t\t<div class=\"elementor-widget-container\">\n\t\t\t\t\t\t\t\t\t\t\t\t\t\t\t<img fetchpriority=\"high\" decoding=\"async\" width=\"1829\" height=\"2560\" src=\"https:\/\/nuage.recherche.usherbrooke.ca\/wp-content\/uploads\/2025\/04\/Eleonor-Riesco-photo-scaled.jpg\" class=\"attachment-full size-full wp-image-2542\" alt=\"\" srcset=\"https:\/\/nuage.recherche.usherbrooke.ca\/wp-content\/uploads\/2025\/04\/Eleonor-Riesco-photo-scaled.jpg 1829w, https:\/\/nuage.recherche.usherbrooke.ca\/wp-content\/uploads\/2025\/04\/Eleonor-Riesco-photo-214x300.jpg 214w, https:\/\/nuage.recherche.usherbrooke.ca\/wp-content\/uploads\/2025\/04\/Eleonor-Riesco-photo-732x1024.jpg 732w, https:\/\/nuage.recherche.usherbrooke.ca\/wp-content\/uploads\/2025\/04\/Eleonor-Riesco-photo-768x1075.jpg 768w, https:\/\/nuage.recherche.usherbrooke.ca\/wp-content\/uploads\/2025\/04\/Eleonor-Riesco-photo-1097x1536.jpg 1097w, https:\/\/nuage.recherche.usherbrooke.ca\/wp-content\/uploads\/2025\/04\/Eleonor-Riesco-photo-1463x2048.jpg 1463w, https:\/\/nuage.recherche.usherbrooke.ca\/wp-content\/uploads\/2025\/04\/Eleonor-Riesco-photo-9x12.jpg 9w, https:\/\/nuage.recherche.usherbrooke.ca\/wp-content\/uploads\/2025\/04\/Eleonor-Riesco-photo-17x24.jpg 17w, https:\/\/nuage.recherche.usherbrooke.ca\/wp-content\/uploads\/2025\/04\/Eleonor-Riesco-photo-26x36.jpg 26w, https:\/\/nuage.recherche.usherbrooke.ca\/wp-content\/uploads\/2025\/04\/Eleonor-Riesco-photo-34x48.jpg 34w\" sizes=\"(max-width: 1829px) 100vw, 1829px\" \/>\t\t\t\t\t\t\t\t\t\t\t\t\t\t\t<\/div>\n\t\t\t\t<\/div>\n\t\t\t\t\t<\/div>\n\t\t<\/div>\n\t\t\t\t<div class=\"elementor-column elementor-col-50 elementor-inner-column elementor-element elementor-element-bb6fb36\" data-id=\"bb6fb36\" data-element_type=\"column\" data-e-type=\"column\">\n\t\t\t<div class=\"elementor-widget-wrap elementor-element-populated\">\n\t\t\t\t\t\t<div class=\"elementor-element elementor-element-dbac4cf elementor-widget elementor-widget-heading\" data-id=\"dbac4cf\" data-element_type=\"widget\" data-e-type=\"widget\" data-widget_type=\"heading.default\">\n\t\t\t\t<div class=\"elementor-widget-container\">\n\t\t\t\t\t<h3 class=\"elementor-heading-title elementor-size-default\">El\u00e9onor Riesco, Ph.D.<\/h3>\t\t\t\t<\/div>\n\t\t\t\t<\/div>\n\t\t\t\t<div class=\"elementor-element elementor-element-ac2d499 elementor-widget elementor-widget-text-editor\" data-id=\"ac2d499\" data-element_type=\"widget\" data-e-type=\"widget\" data-widget_type=\"text-editor.default\">\n\t\t\t\t<div class=\"elementor-widget-container\">\n\t\t\t\t\t\t\t\t\t<p><em>Chercheuse responsable des Banques NuAge depuis 2025<\/em><\/p><p><em>Administratrice de la Banque de donn\u00e9es NuAge depuis 2025<\/em><\/p><ul><li>Professeure titulaire, Facult\u00e9 des sciences de l&rsquo;activit\u00e9 physique, Universit\u00e9 de Sherbrooke<\/li><li>Codirectrice scientifique et chercheuse, Centre\u00a0 de recherche sur le vieillissement, CIUSSS de l&rsquo;Estrie &#8211; CHUS<\/li><\/ul>\t\t\t\t\t\t\t\t<\/div>\n\t\t\t\t<\/div>\n\t\t\t\t\t<\/div>\n\t\t<\/div>\n\t\t\t\t\t<\/div>\n\t\t<\/section>\n\t\t\t\t\t<\/div>\n\t\t<\/div>\n\t\t\t\t<div class=\"elementor-column elementor-col-50 elementor-top-column elementor-element elementor-element-de14b35\" data-id=\"de14b35\" data-element_type=\"column\" data-e-type=\"column\">\n\t\t\t<div class=\"elementor-widget-wrap elementor-element-populated\">\n\t\t\t\t\t\t<section class=\"elementor-section elementor-inner-section elementor-element elementor-element-4490e66 elementor-section-boxed elementor-section-height-default elementor-section-height-default\" data-id=\"4490e66\" data-element_type=\"section\" data-e-type=\"section\">\n\t\t\t\t\t\t<div class=\"elementor-container elementor-column-gap-default\">\n\t\t\t\t\t<div class=\"elementor-column elementor-col-100 elementor-inner-column elementor-element elementor-element-4824b7a\" data-id=\"4824b7a\" data-element_type=\"column\" data-e-type=\"column\">\n\t\t\t<div class=\"elementor-widget-wrap elementor-element-populated\">\n\t\t\t\t\t\t<div class=\"elementor-element elementor-element-92afeb3 elementor-widget elementor-widget-text-editor\" data-id=\"92afeb3\" data-element_type=\"widget\" data-e-type=\"widget\" data-widget_type=\"text-editor.default\">\n\t\t\t\t<div class=\"elementor-widget-container\">\n\t\t\t\t\t\t\t\t\t<p>El\u00e9onor Riesco est professeure titulaire \u00e0 la Facult\u00e9 des sciences de l\u2019activit\u00e9 physique de l\u2019Universit\u00e9 de Sherbrooke. Elle est co-directrice scientifique et chercheuse au Centre de recherche sur le vieillissement du CIUSSS de l\u2019Estrie \u2013 CHUS. Pre Riesco est l&rsquo;Administratrice de la banque de donn\u00e9es et la chercheuse responsable des Banques NuAge depuis F\u00e9vrier 2025.<\/p><p>Elle d\u00e9tient un doctorat en physiologie de l\u2019exercice et a poursuivi sa formation postdoctorale au Centre de recherche sur le vieillisement. Physiologiste de l&rsquo;exercice, ses travaux de recherche visent \u00e0 optimiser les interventions non m\u00e9dicamenteuses pour les personnes a\u00een\u00e9es ayant des profils de sant\u00e9 vari\u00e9s et complexes. Depuis le d\u00e9but de sa carri\u00e8re, elle a publi\u00e9 plus de soixante articles scientifiques, form\u00e9 pr\u00e8s de trente personnes \u00e9tudiantes gradu\u00e9es, et supervis\u00e9 plus de quinze \u00e9tudiants et \u00e9tudiantes de premier cycle. En dehors du milieu acad\u00e9mique, Pre Riesco s\u2019engage activement dans la mobilisation des connaissances avec les communaut\u00e9s et les professionnels de la sant\u00e9, tant par les nombreuses entrevues m\u00e9diatiques qu\u2019elle donne que par les activit\u00e9s organis\u00e9es avec la Chaire de recherche pour un vieillissement en sant\u00e9.<\/p>\t\t\t\t\t\t\t\t<\/div>\n\t\t\t\t<\/div>\n\t\t\t\t\t<\/div>\n\t\t<\/div>\n\t\t\t\t\t<\/div>\n\t\t<\/section>\n\t\t\t\t\t<\/div>\n\t\t<\/div>\n\t\t\t\t\t<\/div>\n\t\t<\/section>\n\t\t\t\t<section class=\"elementor-section elementor-top-section elementor-element elementor-element-224add6 elementor-section-boxed elementor-section-height-default elementor-section-height-default\" data-id=\"224add6\" data-element_type=\"section\" data-e-type=\"section\">\n\t\t\t\t\t\t<div class=\"elementor-container elementor-column-gap-default\">\n\t\t\t\t\t<div class=\"elementor-column elementor-col-50 elementor-top-column elementor-element elementor-element-ad0f243\" data-id=\"ad0f243\" data-element_type=\"column\" data-e-type=\"column\">\n\t\t\t<div class=\"elementor-widget-wrap elementor-element-populated\">\n\t\t\t\t\t\t<section class=\"elementor-section elementor-inner-section elementor-element elementor-element-e9b0eac elementor-section-boxed elementor-section-height-default elementor-section-height-default\" data-id=\"e9b0eac\" data-element_type=\"section\" data-e-type=\"section\">\n\t\t\t\t\t\t<div class=\"elementor-container elementor-column-gap-default\">\n\t\t\t\t\t<div class=\"elementor-column elementor-col-50 elementor-inner-column elementor-element elementor-element-2c2d38d\" data-id=\"2c2d38d\" data-element_type=\"column\" data-e-type=\"column\">\n\t\t\t<div class=\"elementor-widget-wrap elementor-element-populated\">\n\t\t\t\t\t\t<div class=\"elementor-element elementor-element-2c6321d elementor-widget elementor-widget-image\" data-id=\"2c6321d\" data-element_type=\"widget\" data-e-type=\"widget\" data-widget_type=\"image.default\">\n\t\t\t\t<div class=\"elementor-widget-container\">\n\t\t\t\t\t\t\t\t\t\t\t\t\t\t\t<img decoding=\"async\" width=\"708\" height=\"994\" src=\"https:\/\/nuage.recherche.usherbrooke.ca\/wp-content\/uploads\/2025\/09\/Capture-decran-le-2025-09-30-a-15.42.15.png\" class=\"attachment-full size-full wp-image-2606\" alt=\"\" srcset=\"https:\/\/nuage.recherche.usherbrooke.ca\/wp-content\/uploads\/2025\/09\/Capture-decran-le-2025-09-30-a-15.42.15.png 708w, https:\/\/nuage.recherche.usherbrooke.ca\/wp-content\/uploads\/2025\/09\/Capture-decran-le-2025-09-30-a-15.42.15-214x300.png 214w, https:\/\/nuage.recherche.usherbrooke.ca\/wp-content\/uploads\/2025\/09\/Capture-decran-le-2025-09-30-a-15.42.15-9x12.png 9w, https:\/\/nuage.recherche.usherbrooke.ca\/wp-content\/uploads\/2025\/09\/Capture-decran-le-2025-09-30-a-15.42.15-17x24.png 17w, https:\/\/nuage.recherche.usherbrooke.ca\/wp-content\/uploads\/2025\/09\/Capture-decran-le-2025-09-30-a-15.42.15-26x36.png 26w, https:\/\/nuage.recherche.usherbrooke.ca\/wp-content\/uploads\/2025\/09\/Capture-decran-le-2025-09-30-a-15.42.15-34x48.png 34w\" sizes=\"(max-width: 708px) 100vw, 708px\" \/>\t\t\t\t\t\t\t\t\t\t\t\t\t\t\t<\/div>\n\t\t\t\t<\/div>\n\t\t\t\t\t<\/div>\n\t\t<\/div>\n\t\t\t\t<div class=\"elementor-column elementor-col-50 elementor-inner-column elementor-element elementor-element-f03833e\" data-id=\"f03833e\" data-element_type=\"column\" data-e-type=\"column\">\n\t\t\t<div class=\"elementor-widget-wrap elementor-element-populated\">\n\t\t\t\t\t\t<div class=\"elementor-element elementor-element-4548893 elementor-widget elementor-widget-heading\" data-id=\"4548893\" data-element_type=\"widget\" data-e-type=\"widget\" data-widget_type=\"heading.default\">\n\t\t\t\t<div class=\"elementor-widget-container\">\n\t\t\t\t\t<h3 class=\"elementor-heading-title elementor-size-default\">Felix Camirand Lemyre, Ph.D.<\/h3>\t\t\t\t<\/div>\n\t\t\t\t<\/div>\n\t\t\t\t<div class=\"elementor-element elementor-element-89c1707 elementor-widget elementor-widget-text-editor\" data-id=\"89c1707\" data-element_type=\"widget\" data-e-type=\"widget\" data-widget_type=\"text-editor.default\">\n\t\t\t\t<div class=\"elementor-widget-container\">\n\t\t\t\t\t\t\t\t\t<p><em>Co-chercheur responsable des Banques NuAge (\u00e0 partir de janvier 2026)<\/em><\/p><p>Co-administrateur de la Banque de donn\u00e9es Nuage (\u00e0 partir de janvier 2026)<\/p><ul><li>Professeure agr\u00e9g\u00e9, Facult\u00e9 des sciences, Universit\u00e9 de Sherbrooke<\/li><li>Chercheur, Centre\u00a0 de recherche sur le vieillissement, CIUSSS de l&rsquo;Estrie &#8211; CHUS<\/li><\/ul>\t\t\t\t\t\t\t\t<\/div>\n\t\t\t\t<\/div>\n\t\t\t\t\t<\/div>\n\t\t<\/div>\n\t\t\t\t\t<\/div>\n\t\t<\/section>\n\t\t\t\t\t<\/div>\n\t\t<\/div>\n\t\t\t\t<div class=\"elementor-column elementor-col-50 elementor-top-column elementor-element elementor-element-6b841f4\" data-id=\"6b841f4\" data-element_type=\"column\" data-e-type=\"column\">\n\t\t\t<div class=\"elementor-widget-wrap elementor-element-populated\">\n\t\t\t\t\t\t<section class=\"elementor-section elementor-inner-section elementor-element elementor-element-c35ece4 elementor-section-boxed elementor-section-height-default elementor-section-height-default\" data-id=\"c35ece4\" data-element_type=\"section\" data-e-type=\"section\">\n\t\t\t\t\t\t<div class=\"elementor-container elementor-column-gap-default\">\n\t\t\t\t\t<div class=\"elementor-column elementor-col-100 elementor-inner-column elementor-element elementor-element-c47298d\" data-id=\"c47298d\" data-element_type=\"column\" data-e-type=\"column\">\n\t\t\t<div class=\"elementor-widget-wrap elementor-element-populated\">\n\t\t\t\t\t\t<div class=\"elementor-element elementor-element-7c41c4f elementor-widget elementor-widget-text-editor\" data-id=\"7c41c4f\" data-element_type=\"widget\" data-e-type=\"widget\" data-widget_type=\"text-editor.default\">\n\t\t\t\t<div class=\"elementor-widget-container\">\n\t\t\t\t\t\t\t\t\t<p>F\u00e9lix Camirand Lemyre est professeur agr\u00e9g\u00e9 au D\u00e9partement de math\u00e9matiques de l\u2019Universit\u00e9 de Sherbrooke, co-directeur scientifique du Groupe de recherche interdisciplinaire en informatique de la sant\u00e9 et directeur du Centre de consultation statistique de l\u2019UdeS. Il a compl\u00e9t\u00e9 son doctorat en math\u00e9matiques \u00e0 l&rsquo;Universit\u00e9 de Sherbrooke en 2016, suivi d&rsquo;un stage postdoctoral en statistique \u00e0 la University of Melbourne en Australie compl\u00e9t\u00e9 en 2018.<\/p><p>Ses int\u00e9r\u00eats de recherche portent principalement sur le d\u00e9veloppement de m\u00e9thodes pour l\u2019ajustement de mod\u00e8les statistiques \u00e0 partir de donn\u00e9es distribu\u00e9es multisources (par exemple provenant de centres hospitaliers ou d\u2019institutions distinctes), et incluent \u00e9galement la mise en \u0153uvre de proc\u00e9dures statistiques pour l\u2019\u00e9tude de facteurs d\u2019exposition chronique mesur\u00e9s de mani\u00e8re imparfaite et de fa\u00e7on intermittente, tels que les apports nutritionnels.<\/p>\t\t\t\t\t\t\t\t<\/div>\n\t\t\t\t<\/div>\n\t\t\t\t\t<\/div>\n\t\t<\/div>\n\t\t\t\t\t<\/div>\n\t\t<\/section>\n\t\t\t\t\t<\/div>\n\t\t<\/div>\n\t\t\t\t\t<\/div>\n\t\t<\/section>\n\t\t\t\t<section class=\"elementor-section elementor-top-section elementor-element elementor-element-147c850 elementor-section-boxed elementor-section-height-default elementor-section-height-default\" data-id=\"147c850\" data-element_type=\"section\" data-e-type=\"section\">\n\t\t\t\t\t\t<div class=\"elementor-container elementor-column-gap-default\">\n\t\t\t\t\t<div class=\"elementor-column elementor-col-50 elementor-top-column elementor-element elementor-element-44f92fd\" data-id=\"44f92fd\" data-element_type=\"column\" data-e-type=\"column\">\n\t\t\t<div class=\"elementor-widget-wrap elementor-element-populated\">\n\t\t\t\t\t\t<section class=\"elementor-section elementor-inner-section elementor-element elementor-element-7766da4 elementor-section-boxed elementor-section-height-default elementor-section-height-default\" data-id=\"7766da4\" data-element_type=\"section\" data-e-type=\"section\">\n\t\t\t\t\t\t<div class=\"elementor-container elementor-column-gap-default\">\n\t\t\t\t\t<div class=\"elementor-column elementor-col-50 elementor-inner-column elementor-element elementor-element-f202738\" data-id=\"f202738\" data-element_type=\"column\" data-e-type=\"column\">\n\t\t\t<div class=\"elementor-widget-wrap elementor-element-populated\">\n\t\t\t\t\t\t<div class=\"elementor-element elementor-element-dd7a72b elementor-widget elementor-widget-image\" data-id=\"dd7a72b\" data-element_type=\"widget\" data-e-type=\"widget\" data-widget_type=\"image.default\">\n\t\t\t\t<div class=\"elementor-widget-container\">\n\t\t\t\t\t\t\t\t\t\t\t\t\t\t\t<img decoding=\"async\" width=\"1100\" height=\"1200\" src=\"https:\/\/nuage.recherche.usherbrooke.ca\/wp-content\/uploads\/2020\/11\/Gaudreau-P-photo.bmp\" class=\"attachment-full size-full wp-image-802\" alt=\"\" srcset=\"https:\/\/nuage.recherche.usherbrooke.ca\/wp-content\/uploads\/2020\/11\/Gaudreau-P-photo.bmp 1100w, https:\/\/nuage.recherche.usherbrooke.ca\/wp-content\/uploads\/2020\/11\/Gaudreau-P-photo-275x300.jpg 275w, https:\/\/nuage.recherche.usherbrooke.ca\/wp-content\/uploads\/2020\/11\/Gaudreau-P-photo-939x1024.jpg 939w, https:\/\/nuage.recherche.usherbrooke.ca\/wp-content\/uploads\/2020\/11\/Gaudreau-P-photo-768x838.jpg 768w, https:\/\/nuage.recherche.usherbrooke.ca\/wp-content\/uploads\/2020\/11\/Gaudreau-P-photo-55x60.jpg 55w\" sizes=\"(max-width: 1100px) 100vw, 1100px\" \/>\t\t\t\t\t\t\t\t\t\t\t\t\t\t\t<\/div>\n\t\t\t\t<\/div>\n\t\t\t\t\t<\/div>\n\t\t<\/div>\n\t\t\t\t<div class=\"elementor-column elementor-col-50 elementor-inner-column elementor-element elementor-element-4c5db0c\" data-id=\"4c5db0c\" data-element_type=\"column\" data-e-type=\"column\">\n\t\t\t<div class=\"elementor-widget-wrap elementor-element-populated\">\n\t\t\t\t\t\t<div class=\"elementor-element elementor-element-f48abec elementor-widget elementor-widget-heading\" data-id=\"f48abec\" data-element_type=\"widget\" data-e-type=\"widget\" data-widget_type=\"heading.default\">\n\t\t\t\t<div class=\"elementor-widget-container\">\n\t\t\t\t\t<h3 class=\"elementor-heading-title elementor-size-default\">Pierrette Gaudreau, Ph.D., FCHAS<\/h3>\t\t\t\t<\/div>\n\t\t\t\t<\/div>\n\t\t\t\t<div class=\"elementor-element elementor-element-2b08012 elementor-widget elementor-widget-text-editor\" data-id=\"2b08012\" data-element_type=\"widget\" data-e-type=\"widget\" data-widget_type=\"text-editor.default\">\n\t\t\t\t<div class=\"elementor-widget-container\">\n\t\t\t\t\t\t\t\t\t<p><em>Administratrice de la Banque d\u2019\u00e9chantillons biologiques NuAge (biobanque)<\/em><\/p><p><em>Co-chercheuse principale de l\u2019\u00c9tude NuAge depuis 2003<\/em><\/p><ul><li>Professeure titulaire,\u00a0D\u00e9partement de m\u00e9decine, Universit\u00e9 de Montr\u00e9al<\/li><li>Chercheuse, Centre de recherche du Centre hospitalier de l\u2019Universit\u00e9 de Montr\u00e9al<\/li><li>Chercheuse associ\u00e9e, Centre de recherche de l&rsquo;Institut universitaire de g\u00e9riatrie de Montr\u00e9al<\/li><li>Vice-doyenne acad\u00e9mique \u2013 Sciences fondamentales, Facult\u00e9 de m\u00e9decine, Universit\u00e9 de Montr\u00e9al<\/li><\/ul>\t\t\t\t\t\t\t\t<\/div>\n\t\t\t\t<\/div>\n\t\t\t\t\t<\/div>\n\t\t<\/div>\n\t\t\t\t\t<\/div>\n\t\t<\/section>\n\t\t\t\t\t<\/div>\n\t\t<\/div>\n\t\t\t\t<div class=\"elementor-column elementor-col-50 elementor-top-column elementor-element elementor-element-9768fe9\" data-id=\"9768fe9\" data-element_type=\"column\" data-e-type=\"column\">\n\t\t\t<div class=\"elementor-widget-wrap elementor-element-populated\">\n\t\t\t\t\t\t<section class=\"elementor-section elementor-inner-section elementor-element elementor-element-1dd02b4 elementor-section-boxed elementor-section-height-default elementor-section-height-default\" data-id=\"1dd02b4\" data-element_type=\"section\" data-e-type=\"section\">\n\t\t\t\t\t\t<div class=\"elementor-container elementor-column-gap-default\">\n\t\t\t\t\t<div class=\"elementor-column elementor-col-100 elementor-inner-column elementor-element elementor-element-606713d\" data-id=\"606713d\" data-element_type=\"column\" data-e-type=\"column\">\n\t\t\t<div class=\"elementor-widget-wrap elementor-element-populated\">\n\t\t\t\t\t\t<div class=\"elementor-element elementor-element-1c8ab8c elementor-widget elementor-widget-text-editor\" data-id=\"1c8ab8c\" data-element_type=\"widget\" data-e-type=\"widget\" data-widget_type=\"text-editor.default\">\n\t\t\t\t<div class=\"elementor-widget-container\">\n\t\t\t\t\t\t\t\t\t<p>Pierrette Gaudreau est professeure titulaire au d\u00e9partement de m\u00e9decine de l\u2019Universit\u00e9 de Montr\u00e9al (UdeM) et chercheuse au Centre de recherche du Centre hospitalier de l\u2019UdeM. Elle est chercheuse associ\u00e9e au Centre de recherche de l&rsquo;Institut universitaire de g\u00e9riatrie de Montr\u00e9al et professeure adjointe au Centre de recherche de l&rsquo;Universit\u00e9 McGill sur le vieillissement. Elle a re\u00e7u sa formation doctorale au <em>National Institute of Health <\/em>(Bethesda, MD) et d\u00e9tient un doctorat en pharmacologie de l&rsquo;Universit\u00e9 de Sherbrooke. Elle a compl\u00e9t\u00e9 un stage postdoctoral en neuroendocrinologie \u00e0 l\u2019UdeM.<\/p><p>Elle a \u00e9t\u00e9 directrice du R\u00e9seau qu\u00e9b\u00e9cois de recherche sur le vieillissement de 2010 \u00e0 2019 et co-directrice de 2020 \u00e0 2023. Elle a \u00e9t\u00e9 \u00e9ditrice-en-chef de la Revue canadienne du vieillissement de 2020 \u00e0 2022. Elle est \u00e9ditrice associ\u00e9e de la Revue <em>Frontiers in Endocrinology &#8211; Neuroendocrine science<\/em> depuis 2014 et du <em>Journal of Gerontology: Biological Sciences<\/em> depuis 2023. Elle est co-chercheuse principale de la cohorte NuAge et administratrice de sa biobanque.<\/p><p>Sa recherche vise \u00e0 la compr\u00e9hension des m\u00e9canismes mol\u00e9culaires et cellulaires contribuant au vieillissement en bonne sant\u00e9 \u00e0 l\u2019aide d\u2019approches pr\u00e9cliniques et de suivi de cohortes. Elle est membre de l\u2019Acad\u00e9mie canadienne des sciences de la sant\u00e9.<\/p>\t\t\t\t\t\t\t\t<\/div>\n\t\t\t\t<\/div>\n\t\t\t\t\t<\/div>\n\t\t<\/div>\n\t\t\t\t\t<\/div>\n\t\t<\/section>\n\t\t\t\t\t<\/div>\n\t\t<\/div>\n\t\t\t\t\t<\/div>\n\t\t<\/section>\n\t\t\t\t<section class=\"elementor-section elementor-top-section elementor-element elementor-element-30a2ef1 elementor-section-boxed elementor-section-height-default elementor-section-height-default\" data-id=\"30a2ef1\" data-element_type=\"section\" data-e-type=\"section\">\n\t\t\t\t\t\t<div class=\"elementor-container elementor-column-gap-default\">\n\t\t\t\t\t<div class=\"elementor-column elementor-col-50 elementor-top-column elementor-element elementor-element-ca24816\" data-id=\"ca24816\" data-element_type=\"column\" data-e-type=\"column\">\n\t\t\t<div class=\"elementor-widget-wrap elementor-element-populated\">\n\t\t\t\t\t\t<section class=\"elementor-section elementor-inner-section elementor-element elementor-element-fc2f091 elementor-section-boxed elementor-section-height-default elementor-section-height-default\" data-id=\"fc2f091\" data-element_type=\"section\" data-e-type=\"section\">\n\t\t\t\t\t\t<div class=\"elementor-container elementor-column-gap-default\">\n\t\t\t\t\t<div class=\"elementor-column elementor-col-50 elementor-inner-column elementor-element elementor-element-863162b\" data-id=\"863162b\" data-element_type=\"column\" data-e-type=\"column\">\n\t\t\t<div class=\"elementor-widget-wrap elementor-element-populated\">\n\t\t\t\t\t\t<div class=\"elementor-element elementor-element-0ee7289 elementor-widget elementor-widget-image\" data-id=\"0ee7289\" data-element_type=\"widget\" data-e-type=\"widget\" data-widget_type=\"image.default\">\n\t\t\t\t<div class=\"elementor-widget-container\">\n\t\t\t\t\t\t\t\t\t\t\t\t\t\t\t<img loading=\"lazy\" decoding=\"async\" width=\"2077\" height=\"2307\" src=\"https:\/\/nuage.recherche.usherbrooke.ca\/wp-content\/uploads\/2020\/10\/Chevalier-S-photo.jpg\" class=\"attachment-full size-full wp-image-729\" alt=\"\" srcset=\"https:\/\/nuage.recherche.usherbrooke.ca\/wp-content\/uploads\/2020\/10\/Chevalier-S-photo.jpg 2077w, https:\/\/nuage.recherche.usherbrooke.ca\/wp-content\/uploads\/2020\/10\/Chevalier-S-photo-270x300.jpg 270w, https:\/\/nuage.recherche.usherbrooke.ca\/wp-content\/uploads\/2020\/10\/Chevalier-S-photo-922x1024.jpg 922w, https:\/\/nuage.recherche.usherbrooke.ca\/wp-content\/uploads\/2020\/10\/Chevalier-S-photo-768x853.jpg 768w, https:\/\/nuage.recherche.usherbrooke.ca\/wp-content\/uploads\/2020\/10\/Chevalier-S-photo-1383x1536.jpg 1383w, https:\/\/nuage.recherche.usherbrooke.ca\/wp-content\/uploads\/2020\/10\/Chevalier-S-photo-1844x2048.jpg 1844w, https:\/\/nuage.recherche.usherbrooke.ca\/wp-content\/uploads\/2020\/10\/Chevalier-S-photo-54x60.jpg 54w\" sizes=\"(max-width: 2077px) 100vw, 2077px\" \/>\t\t\t\t\t\t\t\t\t\t\t\t\t\t\t<\/div>\n\t\t\t\t<\/div>\n\t\t\t\t\t<\/div>\n\t\t<\/div>\n\t\t\t\t<div class=\"elementor-column elementor-col-50 elementor-inner-column elementor-element elementor-element-4a4bb50\" data-id=\"4a4bb50\" data-element_type=\"column\" data-e-type=\"column\">\n\t\t\t<div class=\"elementor-widget-wrap elementor-element-populated\">\n\t\t\t\t\t\t<div class=\"elementor-element elementor-element-7327d02 elementor-widget elementor-widget-heading\" data-id=\"7327d02\" data-element_type=\"widget\" data-e-type=\"widget\" data-widget_type=\"heading.default\">\n\t\t\t\t<div class=\"elementor-widget-container\">\n\t\t\t\t\t<h3 class=\"elementor-heading-title elementor-size-default\">St\u00e9phanie Chevalier, Dt.P., Ph.D.\u200b<\/h3>\t\t\t\t<\/div>\n\t\t\t\t<\/div>\n\t\t\t\t<div class=\"elementor-element elementor-element-a94f47e elementor-widget elementor-widget-text-editor\" data-id=\"a94f47e\" data-element_type=\"widget\" data-e-type=\"widget\" data-widget_type=\"text-editor.default\">\n\t\t\t\t<div class=\"elementor-widget-container\">\n\t\t\t\t\t\t\t\t\t<ul><li>Professeure agr\u00e9g\u00e9e, \u00c9cole de nutrition humaine, Universit\u00e9 McGill<\/li><li>Directrice des \u00e9tudes sup\u00e9rieures, \u00c9cole de nutrition humaine, Universit\u00e9 McGill<\/li><li>Professeure associ\u00e9e, D\u00e9partement de m\u00e9decine, Universit\u00e9 McGill<\/li><li>Chercheuse, Institut de recherche du Centre universitaire de sant\u00e9 McGill<\/li><\/ul>\t\t\t\t\t\t\t\t<\/div>\n\t\t\t\t<\/div>\n\t\t\t\t\t<\/div>\n\t\t<\/div>\n\t\t\t\t\t<\/div>\n\t\t<\/section>\n\t\t\t\t\t<\/div>\n\t\t<\/div>\n\t\t\t\t<div class=\"elementor-column elementor-col-50 elementor-top-column elementor-element elementor-element-42b98b4\" data-id=\"42b98b4\" data-element_type=\"column\" data-e-type=\"column\">\n\t\t\t<div class=\"elementor-widget-wrap elementor-element-populated\">\n\t\t\t\t\t\t<section class=\"elementor-section elementor-inner-section elementor-element elementor-element-1decf1a elementor-section-boxed elementor-section-height-default elementor-section-height-default\" data-id=\"1decf1a\" data-element_type=\"section\" data-e-type=\"section\">\n\t\t\t\t\t\t<div class=\"elementor-container elementor-column-gap-default\">\n\t\t\t\t\t<div class=\"elementor-column elementor-col-100 elementor-inner-column elementor-element elementor-element-786aa68\" data-id=\"786aa68\" data-element_type=\"column\" data-e-type=\"column\">\n\t\t\t<div class=\"elementor-widget-wrap elementor-element-populated\">\n\t\t\t\t\t\t<div class=\"elementor-element elementor-element-93b1317 elementor-widget elementor-widget-text-editor\" data-id=\"93b1317\" data-element_type=\"widget\" data-e-type=\"widget\" data-widget_type=\"text-editor.default\">\n\t\t\t\t<div class=\"elementor-widget-container\">\n\t\t\t\t\t\t\t\t\t<p>St\u00e9phanie Chevalier est professeure agr\u00e9g\u00e9e et directrice des \u00e9tudes sup\u00e9rieures \u00e0 l\u2019\u00c9cole de nutrition humaine de l\u2019Universit\u00e9 McGill, est associ\u00e9e au d\u00e9partement de m\u00e9decine et chercheuse \u00e0 l\u2019Institut de recherche du Centre universitaire de sant\u00e9 McGill.\u00a0 Dipl\u00f4m\u00e9e en nutrition (BSc, MSc et PhD) de l\u2019Universit\u00e9 de Montr\u00e9al et di\u00e9t\u00e9tiste-nutritionniste membre de l\u2019ODNQ, elle a poursuivi sa formation postdoctorale en nutrition et m\u00e9tabolisme \u00e0 l&rsquo;Universit\u00e9 McGill.\u00a0<\/p><p>Dre Chevalier a pour domaine de recherche principal le m\u00e9tabolisme des prot\u00e9ines et le r\u00f4le des prot\u00e9ines alimentaires dans le vieillissement et certaines maladies telles que le cancer, l\u2019ob\u00e9sit\u00e9 et le diab\u00e8te.\u00a0 Elle vise \u00e0 mieux comprendre les alt\u00e9rations m\u00e9taboliques menant \u00e0 la perte de masse et de fonction musculaires et \u00e0 d\u00e9velopper des strat\u00e9gies pour la contrecarrer.\u00a0<\/p><p>Elle si\u00e8ge au comit\u00e9 ex\u00e9cutif de la Soci\u00e9t\u00e9 canadienne de nutrition \u00e0 titre de directrice par mandat sp\u00e9cial (\u00e9lue). Elle a dirig\u00e9 le regroupement th\u00e9matique Nutrition du R\u00e9seau qu\u00e9b\u00e9cois de recherche sur le vieillissement de 2013 \u00e0 2018.<\/p>\t\t\t\t\t\t\t\t<\/div>\n\t\t\t\t<\/div>\n\t\t\t\t\t<\/div>\n\t\t<\/div>\n\t\t\t\t\t<\/div>\n\t\t<\/section>\n\t\t\t\t\t<\/div>\n\t\t<\/div>\n\t\t\t\t\t<\/div>\n\t\t<\/section>\n\t\t\t\t<section class=\"elementor-section elementor-top-section elementor-element elementor-element-120193a elementor-section-boxed elementor-section-height-default elementor-section-height-default\" data-id=\"120193a\" data-element_type=\"section\" data-e-type=\"section\">\n\t\t\t\t\t\t<div class=\"elementor-container elementor-column-gap-default\">\n\t\t\t\t\t<div class=\"elementor-column elementor-col-50 elementor-top-column elementor-element elementor-element-1a2eb70\" data-id=\"1a2eb70\" data-element_type=\"column\" data-e-type=\"column\">\n\t\t\t<div class=\"elementor-widget-wrap elementor-element-populated\">\n\t\t\t\t\t\t<section class=\"elementor-section elementor-inner-section elementor-element elementor-element-23e2705 elementor-section-boxed elementor-section-height-default elementor-section-height-default\" data-id=\"23e2705\" data-element_type=\"section\" data-e-type=\"section\">\n\t\t\t\t\t\t<div class=\"elementor-container elementor-column-gap-default\">\n\t\t\t\t\t<div class=\"elementor-column elementor-col-50 elementor-inner-column elementor-element elementor-element-3fbcea0\" data-id=\"3fbcea0\" data-element_type=\"column\" data-e-type=\"column\">\n\t\t\t<div class=\"elementor-widget-wrap elementor-element-populated\">\n\t\t\t\t\t\t<div class=\"elementor-element elementor-element-5135b69 elementor-widget elementor-widget-image\" data-id=\"5135b69\" data-element_type=\"widget\" data-e-type=\"widget\" data-widget_type=\"image.default\">\n\t\t\t\t<div class=\"elementor-widget-container\">\n\t\t\t\t\t\t\t\t\t\t\t\t\t\t\t<img loading=\"lazy\" decoding=\"async\" width=\"200\" height=\"280\" src=\"https:\/\/nuage.recherche.usherbrooke.ca\/wp-content\/uploads\/2025\/09\/Gustavo-Duque.jpg\" class=\"attachment-full size-full wp-image-2614\" alt=\"\" srcset=\"https:\/\/nuage.recherche.usherbrooke.ca\/wp-content\/uploads\/2025\/09\/Gustavo-Duque.jpg 200w, https:\/\/nuage.recherche.usherbrooke.ca\/wp-content\/uploads\/2025\/09\/Gustavo-Duque-9x12.jpg 9w, https:\/\/nuage.recherche.usherbrooke.ca\/wp-content\/uploads\/2025\/09\/Gustavo-Duque-17x24.jpg 17w, https:\/\/nuage.recherche.usherbrooke.ca\/wp-content\/uploads\/2025\/09\/Gustavo-Duque-26x36.jpg 26w, https:\/\/nuage.recherche.usherbrooke.ca\/wp-content\/uploads\/2025\/09\/Gustavo-Duque-34x48.jpg 34w\" sizes=\"(max-width: 200px) 100vw, 200px\" \/>\t\t\t\t\t\t\t\t\t\t\t\t\t\t\t<\/div>\n\t\t\t\t<\/div>\n\t\t\t\t\t<\/div>\n\t\t<\/div>\n\t\t\t\t<div class=\"elementor-column elementor-col-50 elementor-inner-column elementor-element elementor-element-91dbfff\" data-id=\"91dbfff\" data-element_type=\"column\" data-e-type=\"column\">\n\t\t\t<div class=\"elementor-widget-wrap elementor-element-populated\">\n\t\t\t\t\t\t<div class=\"elementor-element elementor-element-2a1cedd elementor-widget elementor-widget-heading\" data-id=\"2a1cedd\" data-element_type=\"widget\" data-e-type=\"widget\" data-widget_type=\"heading.default\">\n\t\t\t\t<div class=\"elementor-widget-container\">\n\t\t\t\t\t<h3 class=\"elementor-heading-title elementor-size-default\">Gustavo Duque, M.D. ,Ph.D.<\/h3>\t\t\t\t<\/div>\n\t\t\t\t<\/div>\n\t\t\t\t<div class=\"elementor-element elementor-element-a6e9f23 elementor-widget elementor-widget-text-editor\" data-id=\"a6e9f23\" data-element_type=\"widget\" data-e-type=\"widget\" data-widget_type=\"text-editor.default\">\n\t\t\t\t<div class=\"elementor-widget-container\">\n\t\t\t\t\t\t\t\t\t<ul><li>Professeur, Facult\u00e9 de m\u00e9decine et des sciences de la sant\u00e9, Universit\u00e9 McGill<\/li><li>Chercheur, Institut de recherche du Centre universitaire de sant\u00e9 McGill<\/li><\/ul>\t\t\t\t\t\t\t\t<\/div>\n\t\t\t\t<\/div>\n\t\t\t\t\t<\/div>\n\t\t<\/div>\n\t\t\t\t\t<\/div>\n\t\t<\/section>\n\t\t\t\t\t<\/div>\n\t\t<\/div>\n\t\t\t\t<div class=\"elementor-column elementor-col-50 elementor-top-column elementor-element elementor-element-69a971c\" data-id=\"69a971c\" data-element_type=\"column\" data-e-type=\"column\">\n\t\t\t<div class=\"elementor-widget-wrap elementor-element-populated\">\n\t\t\t\t\t\t<section class=\"elementor-section elementor-inner-section elementor-element elementor-element-6e2a0d4 elementor-section-boxed elementor-section-height-default elementor-section-height-default\" data-id=\"6e2a0d4\" data-element_type=\"section\" data-e-type=\"section\">\n\t\t\t\t\t\t<div class=\"elementor-container elementor-column-gap-default\">\n\t\t\t\t\t<div class=\"elementor-column elementor-col-100 elementor-inner-column elementor-element elementor-element-8e882b1\" data-id=\"8e882b1\" data-element_type=\"column\" data-e-type=\"column\">\n\t\t\t<div class=\"elementor-widget-wrap elementor-element-populated\">\n\t\t\t\t\t\t<div class=\"elementor-element elementor-element-add9669 elementor-widget elementor-widget-text-editor\" data-id=\"add9669\" data-element_type=\"widget\" data-e-type=\"widget\" data-widget_type=\"text-editor.default\">\n\t\t\t\t<div class=\"elementor-widget-container\">\n\t\t\t\t\t\t\t\t\t<p>Le professeur Gustavo Duque, MD, Ph.D., FRACP, est un g\u00e9riatre et chercheur biom\u00e9dical sp\u00e9cialis\u00e9 dans les m\u00e9canismes, th\u00e9rapies et biomarqueurs li\u00e9s \u00e0 la perte osseuse, l\u2019ost\u00e9oporose, la sarcop\u00e9nie, l\u2019ost\u00e9osarcop\u00e9nie et la fragilit\u00e9. Ses recherches portent aussi sur l\u2019effet de la vitamine D, de l\u2019exercice et des prot\u00e9ines sur la sant\u00e9 osseuse et musculaire.<\/p><p>Form\u00e9 en m\u00e9decine interne \u00e0 l\u2019Universit\u00e9 Javeriana (Colombie) et en g\u00e9riatrie \u00e0 l\u2019Universit\u00e9 McGill (Canada), il y a obtenu son doctorat en 2003. Apr\u00e8s avoir exerc\u00e9 \u00e0 McGill, il a poursuivi sa carri\u00e8re en Australie, o\u00f9 il est devenu professeur de m\u00e9decine \u00e0 l\u2019Universit\u00e9 de Sydney, puis directeur de l\u2019Institut australien des sciences musculo-squelettiques \u00e0 l\u2019Universit\u00e9 de Melbourne.<\/p><p>Depuis 2022, il est professeur titulaire et Chaire Dr Joseph Kaufmann en m\u00e9decine g\u00e9riatrique \u00e0 McGill, directeur du Centre d\u2019excellence pour la sant\u00e9 durable des a\u00een\u00e9s (CEDurable), et chercheur principal \u00e0 l\u2019Institut de recherche du CUSM. Il est aussi r\u00e9dacteur en chef du Journal of Gerontology: Biological Sciences.<\/p><p>Clinicien-chercheur, il a fond\u00e9 plusieurs cliniques de chutes et fractures et dirige des essais cliniques sur les traitements pharmacologiques et non pharmacologiques des maladies musculo-squelettiques li\u00e9es \u00e0 l\u2019\u00e2ge. Auteur de plus de 280 articles, il a \u00e9galement publi\u00e9 plusieurs ouvrages, dont deux sur l\u2019ost\u00e9osarcop\u00e9nie.<\/p>\t\t\t\t\t\t\t\t<\/div>\n\t\t\t\t<\/div>\n\t\t\t\t\t<\/div>\n\t\t<\/div>\n\t\t\t\t\t<\/div>\n\t\t<\/section>\n\t\t\t\t\t<\/div>\n\t\t<\/div>\n\t\t\t\t\t<\/div>\n\t\t<\/section>\n\t\t\t\t<section class=\"elementor-section elementor-top-section elementor-element elementor-element-9b40cad elementor-section-boxed elementor-section-height-default elementor-section-height-default\" data-id=\"9b40cad\" data-element_type=\"section\" data-e-type=\"section\">\n\t\t\t\t\t\t<div class=\"elementor-container elementor-column-gap-default\">\n\t\t\t\t\t<div class=\"elementor-column elementor-col-50 elementor-top-column elementor-element elementor-element-7016115\" data-id=\"7016115\" data-element_type=\"column\" data-e-type=\"column\">\n\t\t\t<div class=\"elementor-widget-wrap elementor-element-populated\">\n\t\t\t\t\t\t<section class=\"elementor-section elementor-inner-section elementor-element elementor-element-ee0b600 elementor-section-boxed elementor-section-height-default elementor-section-height-default\" data-id=\"ee0b600\" data-element_type=\"section\" data-e-type=\"section\">\n\t\t\t\t\t\t<div class=\"elementor-container elementor-column-gap-default\">\n\t\t\t\t\t<div class=\"elementor-column elementor-col-50 elementor-inner-column elementor-element elementor-element-184f250\" data-id=\"184f250\" data-element_type=\"column\" data-e-type=\"column\">\n\t\t\t<div class=\"elementor-widget-wrap elementor-element-populated\">\n\t\t\t\t\t\t<div class=\"elementor-element elementor-element-5a52c75 elementor-widget elementor-widget-image\" data-id=\"5a52c75\" data-element_type=\"widget\" data-e-type=\"widget\" data-widget_type=\"image.default\">\n\t\t\t\t<div class=\"elementor-widget-container\">\n\t\t\t\t\t\t\t\t\t\t\t\t\t\t\t<img loading=\"lazy\" decoding=\"async\" width=\"1708\" height=\"2560\" src=\"https:\/\/nuage.recherche.usherbrooke.ca\/wp-content\/uploads\/2025\/04\/Isabelle-Dufour_Photo2024-scaled.jpg\" class=\"attachment-full size-full wp-image-2557\" alt=\"\" srcset=\"https:\/\/nuage.recherche.usherbrooke.ca\/wp-content\/uploads\/2025\/04\/Isabelle-Dufour_Photo2024-scaled.jpg 1708w, https:\/\/nuage.recherche.usherbrooke.ca\/wp-content\/uploads\/2025\/04\/Isabelle-Dufour_Photo2024-200x300.jpg 200w, https:\/\/nuage.recherche.usherbrooke.ca\/wp-content\/uploads\/2025\/04\/Isabelle-Dufour_Photo2024-683x1024.jpg 683w, https:\/\/nuage.recherche.usherbrooke.ca\/wp-content\/uploads\/2025\/04\/Isabelle-Dufour_Photo2024-768x1151.jpg 768w, https:\/\/nuage.recherche.usherbrooke.ca\/wp-content\/uploads\/2025\/04\/Isabelle-Dufour_Photo2024-1025x1536.jpg 1025w, https:\/\/nuage.recherche.usherbrooke.ca\/wp-content\/uploads\/2025\/04\/Isabelle-Dufour_Photo2024-1366x2048.jpg 1366w, https:\/\/nuage.recherche.usherbrooke.ca\/wp-content\/uploads\/2025\/04\/Isabelle-Dufour_Photo2024-8x12.jpg 8w, https:\/\/nuage.recherche.usherbrooke.ca\/wp-content\/uploads\/2025\/04\/Isabelle-Dufour_Photo2024-16x24.jpg 16w, https:\/\/nuage.recherche.usherbrooke.ca\/wp-content\/uploads\/2025\/04\/Isabelle-Dufour_Photo2024-24x36.jpg 24w, https:\/\/nuage.recherche.usherbrooke.ca\/wp-content\/uploads\/2025\/04\/Isabelle-Dufour_Photo2024-32x48.jpg 32w\" sizes=\"(max-width: 1708px) 100vw, 1708px\" \/>\t\t\t\t\t\t\t\t\t\t\t\t\t\t\t<\/div>\n\t\t\t\t<\/div>\n\t\t\t\t\t<\/div>\n\t\t<\/div>\n\t\t\t\t<div class=\"elementor-column elementor-col-50 elementor-inner-column elementor-element elementor-element-0641ea8\" data-id=\"0641ea8\" data-element_type=\"column\" data-e-type=\"column\">\n\t\t\t<div class=\"elementor-widget-wrap elementor-element-populated\">\n\t\t\t\t\t\t<div class=\"elementor-element elementor-element-5761581 elementor-widget elementor-widget-heading\" data-id=\"5761581\" data-element_type=\"widget\" data-e-type=\"widget\" data-widget_type=\"heading.default\">\n\t\t\t\t<div class=\"elementor-widget-container\">\n\t\t\t\t\t<h3 class=\"elementor-heading-title elementor-size-default\">Isabelle Dufour, inf., Ph.D.<\/h3>\t\t\t\t<\/div>\n\t\t\t\t<\/div>\n\t\t\t\t<div class=\"elementor-element elementor-element-a18fc5e elementor-widget elementor-widget-text-editor\" data-id=\"a18fc5e\" data-element_type=\"widget\" data-e-type=\"widget\" data-widget_type=\"text-editor.default\">\n\t\t\t\t<div class=\"elementor-widget-container\">\n\t\t\t\t\t\t\t\t\t<p><em>Administratrice des donn\u00e9es m\u00e9dico-administrative des Banques NuAge depuis 2025<\/em><\/p><ul><li>Professeure adjointe, \u00c9cole des sciences infirmi\u00e8res, Universit\u00e9 de Sherbrooke<\/li><li>Chercheuse r\u00e9guli\u00e8re, Centre\u00a0 de recherche sur le vieillissement, CIUSSS de l&rsquo;Estrie &#8211; CHUS<\/li><\/ul>\t\t\t\t\t\t\t\t<\/div>\n\t\t\t\t<\/div>\n\t\t\t\t\t<\/div>\n\t\t<\/div>\n\t\t\t\t\t<\/div>\n\t\t<\/section>\n\t\t\t\t\t<\/div>\n\t\t<\/div>\n\t\t\t\t<div class=\"elementor-column elementor-col-50 elementor-top-column elementor-element elementor-element-f380300\" data-id=\"f380300\" data-element_type=\"column\" data-e-type=\"column\">\n\t\t\t<div class=\"elementor-widget-wrap elementor-element-populated\">\n\t\t\t\t\t\t<section class=\"elementor-section elementor-inner-section elementor-element elementor-element-873a67a elementor-section-boxed elementor-section-height-default elementor-section-height-default\" data-id=\"873a67a\" data-element_type=\"section\" data-e-type=\"section\">\n\t\t\t\t\t\t<div class=\"elementor-container elementor-column-gap-default\">\n\t\t\t\t\t<div class=\"elementor-column elementor-col-100 elementor-inner-column elementor-element elementor-element-85a6bbe\" data-id=\"85a6bbe\" data-element_type=\"column\" data-e-type=\"column\">\n\t\t\t<div class=\"elementor-widget-wrap elementor-element-populated\">\n\t\t\t\t\t\t<div class=\"elementor-element elementor-element-67e1eec elementor-widget elementor-widget-text-editor\" data-id=\"67e1eec\" data-element_type=\"widget\" data-e-type=\"widget\" data-widget_type=\"text-editor.default\">\n\t\t\t\t<div class=\"elementor-widget-container\">\n\t\t\t\t\t\t\t\t\t<p>Isabelle Dufour est professeure adjointe \u00e0 l\u2019\u00c9cole des sciences infirmi\u00e8res de l\u2019Universit\u00e9 de Sherbrooke depuis septembre 2023 et chercheuse Junior-1 du Fonds de recherche du Qu\u00e9bec \u2013 Sant\u00e9 (FRQS). Infirmi\u00e8re depuis 2011, elle poss\u00e8de une expertise clinique aupr\u00e8s des personnes a\u00een\u00e9es. Elle a compl\u00e9t\u00e9 son doctorat \u00e0 l\u2019Universit\u00e9 de Sherbrooke en 2020, suivi d\u2019un stage postdoctoral au d\u00e9partement d\u2019\u00e9pid\u00e9miologie, de biostatistique et de sant\u00e9 au travail de l\u2019Universit\u00e9 McGill.<\/p><p>Ses travaux de recherche visent \u00e0 valoriser l&rsquo;utilisation des donn\u00e9es m\u00e9dico-administratives qu\u00e9b\u00e9coises, en particulier celles li\u00e9es aux soins \u00e0 domicile, pour soutenir la prise de d\u00e9cision en sant\u00e9. Elle s\u2019int\u00e9resse aux trajectoires et aux transitions de soins des personnes a\u00een\u00e9es en situation de vuln\u00e9rabilit\u00e9, notamment celles vivant une perte d\u2019autonomie ou un trouble neurocognitif majeur, ainsi qu\u2019\u00e0 la co-occurrence de conditions complexes telles que les troubles mentaux s\u00e9v\u00e8res.<\/p>\t\t\t\t\t\t\t\t<\/div>\n\t\t\t\t<\/div>\n\t\t\t\t\t<\/div>\n\t\t<\/div>\n\t\t\t\t\t<\/div>\n\t\t<\/section>\n\t\t\t\t\t<\/div>\n\t\t<\/div>\n\t\t\t\t\t<\/div>\n\t\t<\/section>\n\t\t\t\t<section class=\"elementor-section elementor-top-section elementor-element elementor-element-11fb83b elementor-section-boxed elementor-section-height-default elementor-section-height-default\" data-id=\"11fb83b\" data-element_type=\"section\" data-e-type=\"section\">\n\t\t\t\t\t\t<div class=\"elementor-container elementor-column-gap-default\">\n\t\t\t\t\t<div class=\"elementor-column elementor-col-50 elementor-top-column elementor-element elementor-element-021dbd8\" data-id=\"021dbd8\" data-element_type=\"column\" data-e-type=\"column\">\n\t\t\t<div class=\"elementor-widget-wrap elementor-element-populated\">\n\t\t\t\t\t\t<section class=\"elementor-section elementor-inner-section elementor-element elementor-element-8ac36f3 elementor-section-boxed elementor-section-height-default elementor-section-height-default\" data-id=\"8ac36f3\" data-element_type=\"section\" data-e-type=\"section\">\n\t\t\t\t\t\t<div class=\"elementor-container elementor-column-gap-default\">\n\t\t\t\t\t<div class=\"elementor-column elementor-col-50 elementor-inner-column elementor-element elementor-element-f1fcc4f\" data-id=\"f1fcc4f\" data-element_type=\"column\" data-e-type=\"column\">\n\t\t\t<div class=\"elementor-widget-wrap elementor-element-populated\">\n\t\t\t\t\t\t<div class=\"elementor-element elementor-element-098f9ce elementor-widget elementor-widget-image\" data-id=\"098f9ce\" data-element_type=\"widget\" data-e-type=\"widget\" data-widget_type=\"image.default\">\n\t\t\t\t<div class=\"elementor-widget-container\">\n\t\t\t\t\t\t\t\t\t\t\t\t\t\t\t<img loading=\"lazy\" decoding=\"async\" width=\"163\" height=\"219\" src=\"https:\/\/nuage.recherche.usherbrooke.ca\/wp-content\/uploads\/2022\/02\/NdeyeRGueye.jpg\" class=\"attachment-full size-full wp-image-1750\" alt=\"\" srcset=\"https:\/\/nuage.recherche.usherbrooke.ca\/wp-content\/uploads\/2022\/02\/NdeyeRGueye.jpg 163w, https:\/\/nuage.recherche.usherbrooke.ca\/wp-content\/uploads\/2022\/02\/NdeyeRGueye-9x12.jpg 9w, https:\/\/nuage.recherche.usherbrooke.ca\/wp-content\/uploads\/2022\/02\/NdeyeRGueye-45x60.jpg 45w, https:\/\/nuage.recherche.usherbrooke.ca\/wp-content\/uploads\/2022\/02\/NdeyeRGueye-18x24.jpg 18w, https:\/\/nuage.recherche.usherbrooke.ca\/wp-content\/uploads\/2022\/02\/NdeyeRGueye-27x36.jpg 27w, https:\/\/nuage.recherche.usherbrooke.ca\/wp-content\/uploads\/2022\/02\/NdeyeRGueye-36x48.jpg 36w\" sizes=\"(max-width: 163px) 100vw, 163px\" \/>\t\t\t\t\t\t\t\t\t\t\t\t\t\t\t<\/div>\n\t\t\t\t<\/div>\n\t\t\t\t\t<\/div>\n\t\t<\/div>\n\t\t\t\t<div class=\"elementor-column elementor-col-50 elementor-inner-column elementor-element elementor-element-fe32c40\" data-id=\"fe32c40\" data-element_type=\"column\" data-e-type=\"column\">\n\t\t\t<div class=\"elementor-widget-wrap elementor-element-populated\">\n\t\t\t\t\t\t<div class=\"elementor-element elementor-element-7f90131 elementor-widget elementor-widget-heading\" data-id=\"7f90131\" data-element_type=\"widget\" data-e-type=\"widget\" data-widget_type=\"heading.default\">\n\t\t\t\t<div class=\"elementor-widget-container\">\n\t\t\t\t\t<h3 class=\"elementor-heading-title elementor-size-default\">Ndeye Rokhaya Gueye, Ph.D.<\/h3>\t\t\t\t<\/div>\n\t\t\t\t<\/div>\n\t\t\t\t<div class=\"elementor-element elementor-element-0b2cb11 elementor-widget elementor-widget-text-editor\" data-id=\"0b2cb11\" data-element_type=\"widget\" data-e-type=\"widget\" data-widget_type=\"text-editor.default\">\n\t\t\t\t<div class=\"elementor-widget-container\">\n\t\t\t\t\t\t\t\t\t<ul><li>Professeure titulaire, D\u00e9partement des sciences math\u00e9matiques, Universit\u00e9 de Saint-Boniface, Manitoba<\/li><li>Vice-doyenne, Facult\u00e9 des sciences, Universit\u00e9 de Saint-Boniface, Manitoba<\/li><\/ul>\t\t\t\t\t\t\t\t<\/div>\n\t\t\t\t<\/div>\n\t\t\t\t\t<\/div>\n\t\t<\/div>\n\t\t\t\t\t<\/div>\n\t\t<\/section>\n\t\t\t\t\t<\/div>\n\t\t<\/div>\n\t\t\t\t<div class=\"elementor-column elementor-col-50 elementor-top-column elementor-element elementor-element-1ecf0ed\" data-id=\"1ecf0ed\" data-element_type=\"column\" data-e-type=\"column\">\n\t\t\t<div class=\"elementor-widget-wrap elementor-element-populated\">\n\t\t\t\t\t\t<section class=\"elementor-section elementor-inner-section elementor-element elementor-element-b405e94 elementor-section-boxed elementor-section-height-default elementor-section-height-default\" data-id=\"b405e94\" data-element_type=\"section\" data-e-type=\"section\">\n\t\t\t\t\t\t<div class=\"elementor-container elementor-column-gap-default\">\n\t\t\t\t\t<div class=\"elementor-column elementor-col-100 elementor-inner-column elementor-element elementor-element-c383f2d\" data-id=\"c383f2d\" data-element_type=\"column\" data-e-type=\"column\">\n\t\t\t<div class=\"elementor-widget-wrap elementor-element-populated\">\n\t\t\t\t\t\t<div class=\"elementor-element elementor-element-02f91ae elementor-widget elementor-widget-text-editor\" data-id=\"02f91ae\" data-element_type=\"widget\" data-e-type=\"widget\" data-widget_type=\"text-editor.default\">\n\t\t\t\t<div class=\"elementor-widget-container\">\n\t\t\t\t\t\t\t\t\t<p>Ndeye Rokhaya Gueye est professeure titulaire et vice-doyenne de la Facult\u00e9 des sciences de l\u2019Universit\u00e9 de Saint-Boniface au Manitoba (Canada). Elle a \u00e9t\u00e9 statisticienne et chercheuse au Centre de recherche sur le vieillissement de l\u2019Institut universitaire de g\u00e9riatrie de Sherbrooke de 2005 \u00e0 2011. Durant cette p\u00e9riode, elle a travaill\u00e9 comme statisticienne \u00e0 l\u2019\u00e9tude Prisma (Programme de recherche sur l&rsquo;int\u00e9gration des services de maintien de l&rsquo;autonomie) et l\u2019\u00c9tude NuAge et aussi comme co-chercheuse dans des projets secondaires de l\u2019\u00c9tude NuAge. Elle a \u00e9t\u00e9 aussi pour cette m\u00eame p\u00e9riode charg\u00e9e de cours au d\u00e9partement de math\u00e9matiques et au Centre universitaire de formation en g\u00e9rontologie de l\u2019Universit\u00e9 de Sherbrooke.<\/p><p>Elle d\u00e9tient une maitrise en math\u00e9matiques appliqu\u00e9es et une AEA (Attestation d\u2019\u00c9tude Approfondie) en probabilit\u00e9s de l\u2019Universit\u00e9 Gaston Berger de Saint-Louis (S\u00e9n\u00e9gal), en plus d\u2019une maitrise et d\u2019un doctorat en statistiques de l\u2019Universit\u00e9 de Montr\u00e9al.<\/p><p>Ses int\u00e9r\u00eats de recherche portent principalement sur l\u2019\u00e9tude \u00e9pid\u00e9miologie et multidisciplinaire en sant\u00e9 touchant diverses populations : les adolescents, les jeunes adultes, les personnes \u00e2g\u00e9es, les immigrants et les francophones en situation minoritaire.<\/p>\t\t\t\t\t\t\t\t<\/div>\n\t\t\t\t<\/div>\n\t\t\t\t\t<\/div>\n\t\t<\/div>\n\t\t\t\t\t<\/div>\n\t\t<\/section>\n\t\t\t\t\t<\/div>\n\t\t<\/div>\n\t\t\t\t\t<\/div>\n\t\t<\/section>\n\t\t\t\t<section class=\"elementor-section elementor-top-section elementor-element elementor-element-eb80e5b elementor-section-boxed elementor-section-height-default elementor-section-height-default\" data-id=\"eb80e5b\" data-element_type=\"section\" data-e-type=\"section\">\n\t\t\t\t\t\t<div class=\"elementor-container elementor-column-gap-default\">\n\t\t\t\t\t<div class=\"elementor-column elementor-col-100 elementor-top-column elementor-element elementor-element-de39c07\" data-id=\"de39c07\" data-element_type=\"column\" data-e-type=\"column\">\n\t\t\t<div class=\"elementor-widget-wrap elementor-element-populated\">\n\t\t\t\t\t\t<div class=\"elementor-element elementor-element-3ede7a1 elementor-widget elementor-widget-heading\" data-id=\"3ede7a1\" data-element_type=\"widget\" data-e-type=\"widget\" data-widget_type=\"heading.default\">\n\t\t\t\t<div class=\"elementor-widget-container\">\n\t\t\t\t\t<h2 class=\"elementor-heading-title elementor-size-default\">Anciens membres du comit\u00e9 directeur<\/h2>\t\t\t\t<\/div>\n\t\t\t\t<\/div>\n\t\t\t\t\t<\/div>\n\t\t<\/div>\n\t\t\t\t\t<\/div>\n\t\t<\/section>\n\t\t\t\t<section class=\"elementor-section elementor-top-section elementor-element elementor-element-f8755ed elementor-section-boxed elementor-section-height-default elementor-section-height-default\" data-id=\"f8755ed\" data-element_type=\"section\" data-e-type=\"section\">\n\t\t\t\t\t\t<div class=\"elementor-container elementor-column-gap-default\">\n\t\t\t\t\t<div class=\"elementor-column elementor-col-50 elementor-top-column elementor-element elementor-element-3c7b478\" data-id=\"3c7b478\" data-element_type=\"column\" data-e-type=\"column\">\n\t\t\t<div class=\"elementor-widget-wrap elementor-element-populated\">\n\t\t\t\t\t\t<section class=\"elementor-section elementor-inner-section elementor-element elementor-element-1cc604a elementor-section-boxed elementor-section-height-default elementor-section-height-default\" data-id=\"1cc604a\" data-element_type=\"section\" data-e-type=\"section\">\n\t\t\t\t\t\t<div class=\"elementor-container elementor-column-gap-default\">\n\t\t\t\t\t<div class=\"elementor-column elementor-col-50 elementor-inner-column elementor-element elementor-element-2de6a3f\" data-id=\"2de6a3f\" data-element_type=\"column\" data-e-type=\"column\">\n\t\t\t<div class=\"elementor-widget-wrap elementor-element-populated\">\n\t\t\t\t\t\t<div class=\"elementor-element elementor-element-2b86489 elementor-widget elementor-widget-image\" data-id=\"2b86489\" data-element_type=\"widget\" data-e-type=\"widget\" data-widget_type=\"image.default\">\n\t\t\t\t<div class=\"elementor-widget-container\">\n\t\t\t\t\t\t\t\t\t\t\t\t\t\t\t<img loading=\"lazy\" decoding=\"async\" width=\"2028\" height=\"2388\" src=\"https:\/\/nuage.recherche.usherbrooke.ca\/wp-content\/uploads\/2020\/11\/Photo-Nancy-Presse-Aout-2020.jpg\" class=\"attachment-full size-full wp-image-1008\" alt=\"\" srcset=\"https:\/\/nuage.recherche.usherbrooke.ca\/wp-content\/uploads\/2020\/11\/Photo-Nancy-Presse-Aout-2020.jpg 2028w, https:\/\/nuage.recherche.usherbrooke.ca\/wp-content\/uploads\/2020\/11\/Photo-Nancy-Presse-Aout-2020-255x300.jpg 255w, https:\/\/nuage.recherche.usherbrooke.ca\/wp-content\/uploads\/2020\/11\/Photo-Nancy-Presse-Aout-2020-870x1024.jpg 870w, https:\/\/nuage.recherche.usherbrooke.ca\/wp-content\/uploads\/2020\/11\/Photo-Nancy-Presse-Aout-2020-768x904.jpg 768w, https:\/\/nuage.recherche.usherbrooke.ca\/wp-content\/uploads\/2020\/11\/Photo-Nancy-Presse-Aout-2020-1304x1536.jpg 1304w, https:\/\/nuage.recherche.usherbrooke.ca\/wp-content\/uploads\/2020\/11\/Photo-Nancy-Presse-Aout-2020-1739x2048.jpg 1739w, https:\/\/nuage.recherche.usherbrooke.ca\/wp-content\/uploads\/2020\/11\/Photo-Nancy-Presse-Aout-2020-51x60.jpg 51w\" sizes=\"(max-width: 2028px) 100vw, 2028px\" \/>\t\t\t\t\t\t\t\t\t\t\t\t\t\t\t<\/div>\n\t\t\t\t<\/div>\n\t\t\t\t\t<\/div>\n\t\t<\/div>\n\t\t\t\t<div class=\"elementor-column elementor-col-50 elementor-inner-column elementor-element elementor-element-e16c06d\" data-id=\"e16c06d\" data-element_type=\"column\" data-e-type=\"column\">\n\t\t\t<div class=\"elementor-widget-wrap elementor-element-populated\">\n\t\t\t\t\t\t<div class=\"elementor-element elementor-element-0a54c60 elementor-widget elementor-widget-heading\" data-id=\"0a54c60\" data-element_type=\"widget\" data-e-type=\"widget\" data-widget_type=\"heading.default\">\n\t\t\t\t<div class=\"elementor-widget-container\">\n\t\t\t\t\t<h3 class=\"elementor-heading-title elementor-size-default\">Nancy Presse, Dt.P., Ph.D.<\/h3>\t\t\t\t<\/div>\n\t\t\t\t<\/div>\n\t\t\t\t<div class=\"elementor-element elementor-element-69dfbe4 elementor-widget elementor-widget-text-editor\" data-id=\"69dfbe4\" data-element_type=\"widget\" data-e-type=\"widget\" data-widget_type=\"text-editor.default\">\n\t\t\t\t<div class=\"elementor-widget-container\">\n\t\t\t\t\t\t\t\t\t<p><em>Direction g\u00e9n\u00e9rale des Banques NuAge et\u00a0<\/em><em style=\"color: var( --e-global-color-text );\">Administratrice de la Banque de donn\u00e9es NuAge de 2018-2024<\/em><\/p>\t\t\t\t\t\t\t\t<\/div>\n\t\t\t\t<\/div>\n\t\t\t\t\t<\/div>\n\t\t<\/div>\n\t\t\t\t\t<\/div>\n\t\t<\/section>\n\t\t\t\t\t<\/div>\n\t\t<\/div>\n\t\t\t\t<div class=\"elementor-column elementor-col-50 elementor-top-column elementor-element elementor-element-d5415ac\" data-id=\"d5415ac\" data-element_type=\"column\" data-e-type=\"column\">\n\t\t\t<div class=\"elementor-widget-wrap elementor-element-populated\">\n\t\t\t\t\t\t<section class=\"elementor-section elementor-inner-section elementor-element elementor-element-225fce0 elementor-section-boxed elementor-section-height-default elementor-section-height-default\" data-id=\"225fce0\" data-element_type=\"section\" data-e-type=\"section\">\n\t\t\t\t\t\t<div class=\"elementor-container elementor-column-gap-default\">\n\t\t\t\t\t<div class=\"elementor-column elementor-col-100 elementor-inner-column elementor-element elementor-element-6d716fd\" data-id=\"6d716fd\" data-element_type=\"column\" data-e-type=\"column\">\n\t\t\t<div class=\"elementor-widget-wrap elementor-element-populated\">\n\t\t\t\t\t\t<div class=\"elementor-element elementor-element-5eabb7b elementor-widget elementor-widget-text-editor\" data-id=\"5eabb7b\" data-element_type=\"widget\" data-e-type=\"widget\" data-widget_type=\"text-editor.default\">\n\t\t\t\t<div class=\"elementor-widget-container\">\n\t\t\t\t\t\t\t\t\t<p>Professeure Nancy Presse a \u00e9t\u00e9 \u00e9pid\u00e9miologiste et di\u00e9t\u00e9tiste-nutritionniste, membre de l\u2019Ordre des di\u00e9t\u00e9tistes-nutritionnistes du Qu\u00e9bec (ODNQ). Elle a dirig\u00e9 le Laboratoire sur l\u2019alimentation des a\u00een\u00e9s et la nutrition g\u00e9riatrique et a assur\u00e9 la direction g\u00e9n\u00e9rale des Banques de recherche NuAge de janvier 2018 \u00e0 d\u00e9cembre 2024, incluant l\u2019encadrement \u00e9thique et l\u00e9gislatif, et l\u2019administration de la banque de donn\u00e9es. Ses travaux ont port\u00e9 principalement sur le d\u00e9pistage, le diagnostic et les facteurs de risque de la d\u00e9ficience en vitamine B12 chez les personnes a\u00een\u00e9es, sur la pr\u00e9vention et le traitement de la perte de poids des r\u00e9sidents des centres d\u2019h\u00e9bergement, de m\u00eame que sur le rep\u00e9rage des personnes a\u00een\u00e9es en situation de vuln\u00e9rabilit\u00e9 nutritionnelle dans la communaut\u00e9. Elle a dirig\u00e9 notamment les travaux d\u2019exp\u00e9rimentation et d\u2019implantation de l\u2019approche \u00ab\u00a0<em>Nutrition as Medication<\/em>\u00a0\u00bb dans plusieurs centres d\u2019h\u00e9bergement du Qu\u00e9bec.<\/p>\t\t\t\t\t\t\t\t<\/div>\n\t\t\t\t<\/div>\n\t\t\t\t\t<\/div>\n\t\t<\/div>\n\t\t\t\t\t<\/div>\n\t\t<\/section>\n\t\t\t\t\t<\/div>\n\t\t<\/div>\n\t\t\t\t\t<\/div>\n\t\t<\/section>\n\t\t\t\t<section class=\"elementor-section elementor-top-section elementor-element elementor-element-1e71440 elementor-section-boxed elementor-section-height-default elementor-section-height-default\" data-id=\"1e71440\" data-element_type=\"section\" data-e-type=\"section\">\n\t\t\t\t\t\t<div class=\"elementor-container elementor-column-gap-default\">\n\t\t\t\t\t<div class=\"elementor-column elementor-col-50 elementor-top-column elementor-element elementor-element-a8d3936\" data-id=\"a8d3936\" data-element_type=\"column\" data-e-type=\"column\">\n\t\t\t<div class=\"elementor-widget-wrap elementor-element-populated\">\n\t\t\t\t\t\t<section class=\"elementor-section elementor-inner-section elementor-element elementor-element-84f704d elementor-section-boxed elementor-section-height-default elementor-section-height-default\" data-id=\"84f704d\" data-element_type=\"section\" data-e-type=\"section\">\n\t\t\t\t\t\t<div class=\"elementor-container elementor-column-gap-default\">\n\t\t\t\t\t<div class=\"elementor-column elementor-col-50 elementor-inner-column elementor-element elementor-element-0f0cc10\" data-id=\"0f0cc10\" data-element_type=\"column\" data-e-type=\"column\">\n\t\t\t<div class=\"elementor-widget-wrap elementor-element-populated\">\n\t\t\t\t\t\t<div class=\"elementor-element elementor-element-d9e783b elementor-widget elementor-widget-image\" data-id=\"d9e783b\" data-element_type=\"widget\" data-e-type=\"widget\" data-widget_type=\"image.default\">\n\t\t\t\t<div class=\"elementor-widget-container\">\n\t\t\t\t\t\t\t\t\t\t\t\t\t\t\t<img loading=\"lazy\" decoding=\"async\" width=\"866\" height=\"775\" src=\"https:\/\/nuage.recherche.usherbrooke.ca\/wp-content\/uploads\/2020\/10\/Morais-JA-photo.jpg\" class=\"attachment-full size-full wp-image-727\" alt=\"\" srcset=\"https:\/\/nuage.recherche.usherbrooke.ca\/wp-content\/uploads\/2020\/10\/Morais-JA-photo.jpg 866w, https:\/\/nuage.recherche.usherbrooke.ca\/wp-content\/uploads\/2020\/10\/Morais-JA-photo-300x268.jpg 300w, https:\/\/nuage.recherche.usherbrooke.ca\/wp-content\/uploads\/2020\/10\/Morais-JA-photo-768x687.jpg 768w, https:\/\/nuage.recherche.usherbrooke.ca\/wp-content\/uploads\/2020\/10\/Morais-JA-photo-67x60.jpg 67w\" sizes=\"(max-width: 866px) 100vw, 866px\" \/>\t\t\t\t\t\t\t\t\t\t\t\t\t\t\t<\/div>\n\t\t\t\t<\/div>\n\t\t\t\t\t<\/div>\n\t\t<\/div>\n\t\t\t\t<div class=\"elementor-column elementor-col-50 elementor-inner-column elementor-element elementor-element-cf4afcc\" data-id=\"cf4afcc\" data-element_type=\"column\" data-e-type=\"column\">\n\t\t\t<div class=\"elementor-widget-wrap elementor-element-populated\">\n\t\t\t\t\t\t<div class=\"elementor-element elementor-element-e8ea139 elementor-widget elementor-widget-heading\" data-id=\"e8ea139\" data-element_type=\"widget\" data-e-type=\"widget\" data-widget_type=\"heading.default\">\n\t\t\t\t<div class=\"elementor-widget-container\">\n\t\t\t\t\t<h3 class=\"elementor-heading-title elementor-size-default\">Dr. Jos\u00e9 A. Morais, MD, FRCPC, CSPQ<\/h3>\t\t\t\t<\/div>\n\t\t\t\t<\/div>\n\t\t\t\t<div class=\"elementor-element elementor-element-a249311 elementor-widget elementor-widget-text-editor\" data-id=\"a249311\" data-element_type=\"widget\" data-e-type=\"widget\" data-widget_type=\"text-editor.default\">\n\t\t\t\t<div class=\"elementor-widget-container\">\n\t\t\t\t\t\t\t\t\t<p><em>Co-chercheur principal de l&rsquo;\u00c9tude NuAge de 2003-2025<\/em><\/p><ul><li>Interniste \u2013 G\u00e9riatre, Centre universitaire de sant\u00e9 McGill<\/li><li>Professeur titulaire, D\u00e9partement de m\u00e9decine, Universit\u00e9 McGill<\/li><li>Chercheur-senior, Institut de recherche du Centre universitaire de sant\u00e9 McGill<\/li><li>Directeur, Division de g\u00e9riatrie, Centre universitaire de sant\u00e9 McGill<\/li><\/ul>\t\t\t\t\t\t\t\t<\/div>\n\t\t\t\t<\/div>\n\t\t\t\t\t<\/div>\n\t\t<\/div>\n\t\t\t\t\t<\/div>\n\t\t<\/section>\n\t\t\t\t\t<\/div>\n\t\t<\/div>\n\t\t\t\t<div class=\"elementor-column elementor-col-50 elementor-top-column elementor-element elementor-element-a86d8fa\" data-id=\"a86d8fa\" data-element_type=\"column\" data-e-type=\"column\">\n\t\t\t<div class=\"elementor-widget-wrap elementor-element-populated\">\n\t\t\t\t\t\t<section class=\"elementor-section elementor-inner-section elementor-element elementor-element-97fbe8f elementor-section-boxed elementor-section-height-default elementor-section-height-default\" data-id=\"97fbe8f\" data-element_type=\"section\" data-e-type=\"section\">\n\t\t\t\t\t\t<div class=\"elementor-container elementor-column-gap-default\">\n\t\t\t\t\t<div class=\"elementor-column elementor-col-100 elementor-inner-column elementor-element elementor-element-e0504c8\" data-id=\"e0504c8\" data-element_type=\"column\" data-e-type=\"column\">\n\t\t\t<div class=\"elementor-widget-wrap elementor-element-populated\">\n\t\t\t\t\t\t<div class=\"elementor-element elementor-element-cf6924b elementor-widget elementor-widget-text-editor\" data-id=\"cf6924b\" data-element_type=\"widget\" data-e-type=\"widget\" data-widget_type=\"text-editor.default\">\n\t\t\t\t<div class=\"elementor-widget-container\">\n\t\t\t\t\t\t\t\t\t<p>Le Dr Morais est Interniste &#8211; G\u00e9riatre au Centre universitaire de Sant\u00e9 McGill (CUSM) depuis 1996 et chercheur-senior \u00e0 l\u2019Institut de recherche du CUSM. Il est aussi professeur titulaire de m\u00e9decine \u00e0 l\u2019Universit\u00e9 McGill. Le Dr Morais a obtenu son dipl\u00f4me de m\u00e9decine de l\u2019Universit\u00e9 de Montr\u00e9al en 1987.\u00a0 \u00c0 la suite de la r\u00e9sidence en m\u00e9decine interne et g\u00e9riatrie au CUSM, il a entam\u00e9 un fellowship en recherche au Centre de nutrition et des sciences de l\u2019alimentation de McGill de 1993-96.<\/p><p>Il est depuis 2009, directeur de la division de g\u00e9riatrie et f\u00fbt co-directeur du R\u00e9seau Qu\u00e9b\u00e9cois de Recherche sur le Vieillissement de 2019 \u00e0 2023. Ses champs d\u2019int\u00e9r\u00eats en recherche s\u2019\u00e9tendent de l\u2019\u00e9valuation des besoins alimentaires en \u00e9nergie et prot\u00e9ines au cours du vieillissement au m\u00e9tabolisme des prot\u00e9ines corporelles et musculaires.\u00a0 Conjointement, il \u00e9tudie aussi les effets de la r\u00e9sistance \u00e0 l\u2019insuline. Ses recherches ont pour but de pr\u00e9venir la fragilit\u00e9 et la perte musculaire (sarcop\u00e9nie) associ\u00e9es \u00e0 l\u2019immobilit\u00e9 et au vieillissement.<\/p>\t\t\t\t\t\t\t\t<\/div>\n\t\t\t\t<\/div>\n\t\t\t\t\t<\/div>\n\t\t<\/div>\n\t\t\t\t\t<\/div>\n\t\t<\/section>\n\t\t\t\t\t<\/div>\n\t\t<\/div>\n\t\t\t\t\t<\/div>\n\t\t<\/section>\n\t\t\t\t<section class=\"elementor-section elementor-top-section elementor-element elementor-element-0220dcc elementor-section-boxed elementor-section-height-default elementor-section-height-default\" data-id=\"0220dcc\" data-element_type=\"section\" data-e-type=\"section\">\n\t\t\t\t\t\t<div class=\"elementor-container elementor-column-gap-default\">\n\t\t\t\t\t<div class=\"elementor-column elementor-col-50 elementor-top-column elementor-element elementor-element-2a6b90d\" data-id=\"2a6b90d\" data-element_type=\"column\" data-e-type=\"column\">\n\t\t\t<div class=\"elementor-widget-wrap elementor-element-populated\">\n\t\t\t\t\t\t<section class=\"elementor-section elementor-inner-section elementor-element elementor-element-69e8e68 elementor-section-boxed elementor-section-height-default elementor-section-height-default\" data-id=\"69e8e68\" data-element_type=\"section\" data-e-type=\"section\">\n\t\t\t\t\t\t<div class=\"elementor-container elementor-column-gap-default\">\n\t\t\t\t\t<div class=\"elementor-column elementor-col-50 elementor-inner-column elementor-element elementor-element-6806385\" data-id=\"6806385\" data-element_type=\"column\" data-e-type=\"column\">\n\t\t\t<div class=\"elementor-widget-wrap elementor-element-populated\">\n\t\t\t\t\t\t<div class=\"elementor-element elementor-element-0d26861 elementor-widget elementor-widget-image\" data-id=\"0d26861\" data-element_type=\"widget\" data-e-type=\"widget\" data-widget_type=\"image.default\">\n\t\t\t\t<div class=\"elementor-widget-container\">\n\t\t\t\t\t\t\t\t\t\t\t\t\t\t\t<img loading=\"lazy\" decoding=\"async\" width=\"258\" height=\"293\" src=\"https:\/\/nuage.recherche.usherbrooke.ca\/wp-content\/uploads\/2020\/11\/Payette-H-photo.jpg\" class=\"attachment-full size-full wp-image-874\" alt=\"\" srcset=\"https:\/\/nuage.recherche.usherbrooke.ca\/wp-content\/uploads\/2020\/11\/Payette-H-photo.jpg 258w, https:\/\/nuage.recherche.usherbrooke.ca\/wp-content\/uploads\/2020\/11\/Payette-H-photo-53x60.jpg 53w\" sizes=\"(max-width: 258px) 100vw, 258px\" \/>\t\t\t\t\t\t\t\t\t\t\t\t\t\t\t<\/div>\n\t\t\t\t<\/div>\n\t\t\t\t\t<\/div>\n\t\t<\/div>\n\t\t\t\t<div class=\"elementor-column elementor-col-50 elementor-inner-column elementor-element elementor-element-22a59c8\" data-id=\"22a59c8\" data-element_type=\"column\" data-e-type=\"column\">\n\t\t\t<div class=\"elementor-widget-wrap elementor-element-populated\">\n\t\t\t\t\t\t<div class=\"elementor-element elementor-element-8714215 elementor-widget elementor-widget-heading\" data-id=\"8714215\" data-element_type=\"widget\" data-e-type=\"widget\" data-widget_type=\"heading.default\">\n\t\t\t\t<div class=\"elementor-widget-container\">\n\t\t\t\t\t<h3 class=\"elementor-heading-title elementor-size-default\">H\u00e9l\u00e8ne Payette, Ph.D.<\/h3>\t\t\t\t<\/div>\n\t\t\t\t<\/div>\n\t\t\t\t<div class=\"elementor-element elementor-element-eff65e9 elementor-widget elementor-widget-text-editor\" data-id=\"eff65e9\" data-element_type=\"widget\" data-e-type=\"widget\" data-widget_type=\"text-editor.default\">\n\t\t\t\t<div class=\"elementor-widget-container\">\n\t\t\t\t\t\t\t\t\t<p><em>Universit\u00e9 de Sherbrooke<\/em><\/p><p><em>Chercheuse principale d\u00e9sign\u00e9e de l\u2019\u00c9tude NuAge de 2003-2017 <\/em><\/p>\t\t\t\t\t\t\t\t<\/div>\n\t\t\t\t<\/div>\n\t\t\t\t\t<\/div>\n\t\t<\/div>\n\t\t\t\t\t<\/div>\n\t\t<\/section>\n\t\t\t\t\t<\/div>\n\t\t<\/div>\n\t\t\t\t<div class=\"elementor-column elementor-col-50 elementor-top-column elementor-element elementor-element-c32b1c4\" data-id=\"c32b1c4\" data-element_type=\"column\" data-e-type=\"column\">\n\t\t\t<div class=\"elementor-widget-wrap elementor-element-populated\">\n\t\t\t\t\t\t<section class=\"elementor-section elementor-inner-section elementor-element elementor-element-146e714 elementor-section-boxed elementor-section-height-default elementor-section-height-default\" data-id=\"146e714\" data-element_type=\"section\" data-e-type=\"section\">\n\t\t\t\t\t\t<div class=\"elementor-container elementor-column-gap-default\">\n\t\t\t\t\t<div class=\"elementor-column elementor-col-100 elementor-inner-column elementor-element elementor-element-549a5f0\" data-id=\"549a5f0\" data-element_type=\"column\" data-e-type=\"column\">\n\t\t\t<div class=\"elementor-widget-wrap elementor-element-populated\">\n\t\t\t\t\t\t<div class=\"elementor-element elementor-element-139d40a elementor-widget elementor-widget-text-editor\" data-id=\"139d40a\" data-element_type=\"widget\" data-e-type=\"widget\" data-widget_type=\"text-editor.default\">\n\t\t\t\t<div class=\"elementor-widget-container\">\n\t\t\t\t\t\t\t\t\t<p>Dre Payette a \u00e9t\u00e9 professeure au D\u00e9partement des sciences de la sant\u00e9 communautaire de la Facult\u00e9 de m\u00e9decine et des sciences de la sant\u00e9 de l\u2019Universit\u00e9 de Sherbrooke de 1993 \u00e0 2017. Elle a \u00e9t\u00e9 chercheuse au Centre de recherche sur le vieillissement dont elle a assur\u00e9 la direction pendant 8 ans. Titulaire de la chaire Merck-Frosst en g\u00e9riatrie, elle \u00e9tait sp\u00e9cialiste en nutrition, \u00e9pid\u00e9miologie et vieillissement. De 2003 \u00e0 2017, elle a \u00e9t\u00e9 chercheuse principale d\u00e9sign\u00e9e et gestionnaire des banques de l\u2019\u00c9tude longitudinale qu\u00e9b\u00e9coise sur la nutrition et le vieillissement (NuAge) et, de 2009 \u00e0 2017, chercheuse principale du site Sherbrooke de l\u2019\u00c9tude longitudinale canadienne sur le vieillissement. En 2013, elle a re\u00e7u avec ses coll\u00e8gues, le prix Betty Havens de l\u2019Association canadienne de g\u00e9rontologie pour la recherche longitudinale dans le domaine du vieillissement.<\/p>\t\t\t\t\t\t\t\t<\/div>\n\t\t\t\t<\/div>\n\t\t\t\t\t<\/div>\n\t\t<\/div>\n\t\t\t\t\t<\/div>\n\t\t<\/section>\n\t\t\t\t\t<\/div>\n\t\t<\/div>\n\t\t\t\t\t<\/div>\n\t\t<\/section>\n\t\t\t\t<section class=\"elementor-section elementor-top-section elementor-element elementor-element-71b41d2 elementor-section-boxed elementor-section-height-default elementor-section-height-default\" data-id=\"71b41d2\" data-element_type=\"section\" data-e-type=\"section\">\n\t\t\t\t\t\t<div class=\"elementor-container elementor-column-gap-default\">\n\t\t\t\t\t<div class=\"elementor-column elementor-col-50 elementor-top-column elementor-element elementor-element-32619ea\" data-id=\"32619ea\" data-element_type=\"column\" data-e-type=\"column\">\n\t\t\t<div class=\"elementor-widget-wrap elementor-element-populated\">\n\t\t\t\t\t\t<section class=\"elementor-section elementor-inner-section elementor-element elementor-element-80919f8 elementor-section-boxed elementor-section-height-default elementor-section-height-default\" data-id=\"80919f8\" data-element_type=\"section\" data-e-type=\"section\">\n\t\t\t\t\t\t<div class=\"elementor-container elementor-column-gap-default\">\n\t\t\t\t\t<div class=\"elementor-column elementor-col-50 elementor-inner-column elementor-element elementor-element-6ae7b9b\" data-id=\"6ae7b9b\" data-element_type=\"column\" data-e-type=\"column\">\n\t\t\t<div class=\"elementor-widget-wrap elementor-element-populated\">\n\t\t\t\t\t\t<div class=\"elementor-element elementor-element-0960bdc elementor-widget elementor-widget-image\" data-id=\"0960bdc\" data-element_type=\"widget\" data-e-type=\"widget\" data-widget_type=\"image.default\">\n\t\t\t\t<div class=\"elementor-widget-container\">\n\t\t\t\t\t\t\t\t\t\t\t\t\t\t\t<img loading=\"lazy\" decoding=\"async\" width=\"1696\" height=\"2560\" src=\"https:\/\/nuage.recherche.usherbrooke.ca\/wp-content\/uploads\/2020\/11\/ShatensteinB-photo-scaled.jpg\" class=\"attachment-full size-full wp-image-872\" alt=\"\" srcset=\"https:\/\/nuage.recherche.usherbrooke.ca\/wp-content\/uploads\/2020\/11\/ShatensteinB-photo-scaled.jpg 1696w, https:\/\/nuage.recherche.usherbrooke.ca\/wp-content\/uploads\/2020\/11\/ShatensteinB-photo-199x300.jpg 199w, https:\/\/nuage.recherche.usherbrooke.ca\/wp-content\/uploads\/2020\/11\/ShatensteinB-photo-678x1024.jpg 678w, https:\/\/nuage.recherche.usherbrooke.ca\/wp-content\/uploads\/2020\/11\/ShatensteinB-photo-768x1159.jpg 768w, https:\/\/nuage.recherche.usherbrooke.ca\/wp-content\/uploads\/2020\/11\/ShatensteinB-photo-1017x1536.jpg 1017w, https:\/\/nuage.recherche.usherbrooke.ca\/wp-content\/uploads\/2020\/11\/ShatensteinB-photo-1357x2048.jpg 1357w, https:\/\/nuage.recherche.usherbrooke.ca\/wp-content\/uploads\/2020\/11\/ShatensteinB-photo-40x60.jpg 40w\" sizes=\"(max-width: 1696px) 100vw, 1696px\" \/>\t\t\t\t\t\t\t\t\t\t\t\t\t\t\t<\/div>\n\t\t\t\t<\/div>\n\t\t\t\t\t<\/div>\n\t\t<\/div>\n\t\t\t\t<div class=\"elementor-column elementor-col-50 elementor-inner-column elementor-element elementor-element-136ec0e\" data-id=\"136ec0e\" data-element_type=\"column\" data-e-type=\"column\">\n\t\t\t<div class=\"elementor-widget-wrap elementor-element-populated\">\n\t\t\t\t\t\t<div class=\"elementor-element elementor-element-462bbab elementor-widget elementor-widget-heading\" data-id=\"462bbab\" data-element_type=\"widget\" data-e-type=\"widget\" data-widget_type=\"heading.default\">\n\t\t\t\t<div class=\"elementor-widget-container\">\n\t\t\t\t\t<h3 class=\"elementor-heading-title elementor-size-default\">Bryna Shatenstein, Dt.P., Ph.D.<\/h3>\t\t\t\t<\/div>\n\t\t\t\t<\/div>\n\t\t\t\t<div class=\"elementor-element elementor-element-39e2a2d elementor-widget elementor-widget-text-editor\" data-id=\"39e2a2d\" data-element_type=\"widget\" data-e-type=\"widget\" data-widget_type=\"text-editor.default\">\n\t\t\t\t<div class=\"elementor-widget-container\">\n\t\t\t\t\t\t\t\t\t<p><em>Universit\u00e9<\/em><em> de Montr\u00e9al<\/em><\/p><p><em>Co-chercheuse principale de l\u2019\u00c9tude NuAge de 2003 \u00e0 2019<\/em><\/p>\t\t\t\t\t\t\t\t<\/div>\n\t\t\t\t<\/div>\n\t\t\t\t\t<\/div>\n\t\t<\/div>\n\t\t\t\t\t<\/div>\n\t\t<\/section>\n\t\t\t\t\t<\/div>\n\t\t<\/div>\n\t\t\t\t<div class=\"elementor-column elementor-col-50 elementor-top-column elementor-element elementor-element-bd98698\" data-id=\"bd98698\" data-element_type=\"column\" data-e-type=\"column\">\n\t\t\t<div class=\"elementor-widget-wrap elementor-element-populated\">\n\t\t\t\t\t\t<section class=\"elementor-section elementor-inner-section elementor-element elementor-element-5c73abb elementor-section-boxed elementor-section-height-default elementor-section-height-default\" data-id=\"5c73abb\" data-element_type=\"section\" data-e-type=\"section\">\n\t\t\t\t\t\t<div class=\"elementor-container elementor-column-gap-default\">\n\t\t\t\t\t<div class=\"elementor-column elementor-col-100 elementor-inner-column elementor-element elementor-element-87331ec\" data-id=\"87331ec\" data-element_type=\"column\" data-e-type=\"column\">\n\t\t\t<div class=\"elementor-widget-wrap elementor-element-populated\">\n\t\t\t\t\t\t<div class=\"elementor-element elementor-element-bbe24ac elementor-widget elementor-widget-text-editor\" data-id=\"bbe24ac\" data-element_type=\"widget\" data-e-type=\"widget\" data-widget_type=\"text-editor.default\">\n\t\t\t\t<div class=\"elementor-widget-container\">\n\t\t\t\t\t\t\t\t\t<p>Dre Bryna Shatenstein est l\u2019un des cinq co-chercheurs principaux de l\u2019\u00c9tude NuAge. Elle est di\u00e9t\u00e9tiste de formation, membre de l\u2019Ordre des di\u00e9t\u00e9tistes-nutritionnistes du Qu\u00e9bec et des Di\u00e9t\u00e9tistes du Canada. Elle d\u00e9tient un B.Sc. en zoologie et psychologie de l\u2019Universit\u00e9 McGill (1970), une formation en di\u00e9t\u00e9tique et nutrition de Macdonald College de McGill (1975-76) et a fait son internat en di\u00e9t\u00e9tique \u00e0 l\u2019H\u00f4pital Royal Victoria \u00e0 Montr\u00e9al (1976-77). Dre Shatenstein a obtenu sa maitrise (1979) et son doctorat (1992) en nutrition \u00e0 l\u2019Universit\u00e9 de Montr\u00e9al et a compl\u00e9t\u00e9 deux stages postdoctoraux : en m\u00e9decine sociale \u00e0 Hebrew University de J\u00e9rusalem (1992-93) et en \u00e9pid\u00e9miologie et biostatistique \u00e0 McGill (1993-95). Pendant sa carri\u00e8re active, elle \u00e9tait professeure titulaire et, de 2015-2017, directrice du d\u00e9partement de nutrition, Universit\u00e9 de Montr\u00e9al, et chercheuse en nutrition clinique et \u00e9pid\u00e9miologique \u00e0 l&rsquo;Institut universitaire de g\u00e9riatrie de Montr\u00e9al.<\/p>\t\t\t\t\t\t\t\t<\/div>\n\t\t\t\t<\/div>\n\t\t\t\t\t<\/div>\n\t\t<\/div>\n\t\t\t\t\t<\/div>\n\t\t<\/section>\n\t\t\t\t\t<\/div>\n\t\t<\/div>\n\t\t\t\t\t<\/div>\n\t\t<\/section>\n\t\t\t\t<section class=\"elementor-section elementor-top-section elementor-element elementor-element-ea244c2 elementor-section-boxed elementor-section-height-default elementor-section-height-default\" data-id=\"ea244c2\" data-element_type=\"section\" data-e-type=\"section\">\n\t\t\t\t\t\t<div class=\"elementor-container elementor-column-gap-default\">\n\t\t\t\t\t<div class=\"elementor-column elementor-col-50 elementor-top-column elementor-element elementor-element-beb5523\" data-id=\"beb5523\" data-element_type=\"column\" data-e-type=\"column\">\n\t\t\t<div class=\"elementor-widget-wrap elementor-element-populated\">\n\t\t\t\t\t\t<section class=\"elementor-section elementor-inner-section elementor-element elementor-element-bfd5011 elementor-section-boxed elementor-section-height-default elementor-section-height-default\" data-id=\"bfd5011\" data-element_type=\"section\" data-e-type=\"section\">\n\t\t\t\t\t\t<div class=\"elementor-container elementor-column-gap-default\">\n\t\t\t\t\t<div class=\"elementor-column elementor-col-50 elementor-inner-column elementor-element elementor-element-e515f9b\" data-id=\"e515f9b\" data-element_type=\"column\" data-e-type=\"column\">\n\t\t\t<div class=\"elementor-widget-wrap elementor-element-populated\">\n\t\t\t\t\t\t<div class=\"elementor-element elementor-element-91bfb21 elementor-widget elementor-widget-image\" data-id=\"91bfb21\" data-element_type=\"widget\" data-e-type=\"widget\" data-widget_type=\"image.default\">\n\t\t\t\t<div class=\"elementor-widget-container\">\n\t\t\t\t\t\t\t\t\t\t\t\t\t\t\t<img loading=\"lazy\" decoding=\"async\" width=\"460\" height=\"485\" src=\"https:\/\/nuage.recherche.usherbrooke.ca\/wp-content\/uploads\/2020\/11\/K.-Gray-Donald.jpg\" class=\"attachment-full size-full wp-image-1025\" alt=\"\" srcset=\"https:\/\/nuage.recherche.usherbrooke.ca\/wp-content\/uploads\/2020\/11\/K.-Gray-Donald.jpg 460w, https:\/\/nuage.recherche.usherbrooke.ca\/wp-content\/uploads\/2020\/11\/K.-Gray-Donald-285x300.jpg 285w, https:\/\/nuage.recherche.usherbrooke.ca\/wp-content\/uploads\/2020\/11\/K.-Gray-Donald-57x60.jpg 57w\" sizes=\"(max-width: 460px) 100vw, 460px\" \/>\t\t\t\t\t\t\t\t\t\t\t\t\t\t\t<\/div>\n\t\t\t\t<\/div>\n\t\t\t\t\t<\/div>\n\t\t<\/div>\n\t\t\t\t<div class=\"elementor-column elementor-col-50 elementor-inner-column elementor-element elementor-element-8f5a37a\" data-id=\"8f5a37a\" data-element_type=\"column\" data-e-type=\"column\">\n\t\t\t<div class=\"elementor-widget-wrap elementor-element-populated\">\n\t\t\t\t\t\t<div class=\"elementor-element elementor-element-f68b9db elementor-widget elementor-widget-heading\" data-id=\"f68b9db\" data-element_type=\"widget\" data-e-type=\"widget\" data-widget_type=\"heading.default\">\n\t\t\t\t<div class=\"elementor-widget-container\">\n\t\t\t\t\t<h3 class=\"elementor-heading-title elementor-size-default\">Katherine Gray-Donald, Ph.D.<\/h3>\t\t\t\t<\/div>\n\t\t\t\t<\/div>\n\t\t\t\t<div class=\"elementor-element elementor-element-9eab195 elementor-widget elementor-widget-text-editor\" data-id=\"9eab195\" data-element_type=\"widget\" data-e-type=\"widget\" data-widget_type=\"text-editor.default\">\n\t\t\t\t<div class=\"elementor-widget-container\">\n\t\t\t\t\t\t\t\t\t<p><em>Universit\u00e9<\/em><em> McGill<\/em><\/p><p><em>Co-chercheuse principale de l\u2019\u00c9tude NuAge de 2003 \u00e0 2017<\/em><\/p>\t\t\t\t\t\t\t\t<\/div>\n\t\t\t\t<\/div>\n\t\t\t\t\t<\/div>\n\t\t<\/div>\n\t\t\t\t\t<\/div>\n\t\t<\/section>\n\t\t\t\t\t<\/div>\n\t\t<\/div>\n\t\t\t\t<div class=\"elementor-column elementor-col-50 elementor-top-column elementor-element elementor-element-8bc5150\" data-id=\"8bc5150\" data-element_type=\"column\" data-e-type=\"column\">\n\t\t\t<div class=\"elementor-widget-wrap elementor-element-populated\">\n\t\t\t\t\t\t<section class=\"elementor-section elementor-inner-section elementor-element elementor-element-3368a4e elementor-section-boxed elementor-section-height-default elementor-section-height-default\" data-id=\"3368a4e\" data-element_type=\"section\" data-e-type=\"section\">\n\t\t\t\t\t\t<div class=\"elementor-container elementor-column-gap-default\">\n\t\t\t\t\t<div class=\"elementor-column elementor-col-100 elementor-inner-column elementor-element elementor-element-29babce\" data-id=\"29babce\" data-element_type=\"column\" data-e-type=\"column\">\n\t\t\t<div class=\"elementor-widget-wrap elementor-element-populated\">\n\t\t\t\t\t\t<div class=\"elementor-element elementor-element-6a3c9cc elementor-widget elementor-widget-text-editor\" data-id=\"6a3c9cc\" data-element_type=\"widget\" data-e-type=\"widget\" data-widget_type=\"text-editor.default\">\n\t\t\t\t<div class=\"elementor-widget-container\">\n\t\t\t\t\t\t\t\t\t<p>Dre Gray-Donald a \u00e9t\u00e9 Professeure agr\u00e9g\u00e9e (maintenant retrait\u00e9e) \u00e0 l\u2019\u00c9cole de nutrition humaine de l\u2019Universit\u00e9 McGill.<\/p><p><a href=\"https:\/\/www.mcgill.ca\/nutrition\/staff\/retired-professors\/gray-donald\" target=\"_blank\" rel=\"noopener\">https:\/\/www.mcgill.ca\/nutrition\/staff\/retired-professors\/gray-donald<\/a><\/p>\t\t\t\t\t\t\t\t<\/div>\n\t\t\t\t<\/div>\n\t\t\t\t\t<\/div>\n\t\t<\/div>\n\t\t\t\t\t<\/div>\n\t\t<\/section>\n\t\t\t\t\t<\/div>\n\t\t<\/div>\n\t\t\t\t\t<\/div>\n\t\t<\/section>\n\t\t\t\t<section class=\"elementor-section elementor-top-section elementor-element elementor-element-48b6e86 elementor-section-boxed elementor-section-height-default elementor-section-height-default\" data-id=\"48b6e86\" data-element_type=\"section\" data-e-type=\"section\">\n\t\t\t\t\t\t<div class=\"elementor-container elementor-column-gap-default\">\n\t\t\t\t\t<div class=\"elementor-column elementor-col-100 elementor-top-column elementor-element elementor-element-048694d\" data-id=\"048694d\" data-element_type=\"column\" data-e-type=\"column\">\n\t\t\t<div class=\"elementor-widget-wrap elementor-element-populated\">\n\t\t\t\t\t\t<div class=\"elementor-element elementor-element-69777c4 elementor-widget elementor-widget-heading\" data-id=\"69777c4\" data-element_type=\"widget\" data-e-type=\"widget\" data-widget_type=\"heading.default\">\n\t\t\t\t<div class=\"elementor-widget-container\">\n\t\t\t\t\t<h2 class=\"elementor-heading-title elementor-size-default\">Comit\u00e9 consultatif<\/h2>\t\t\t\t<\/div>\n\t\t\t\t<\/div>\n\t\t\t\t\t<\/div>\n\t\t<\/div>\n\t\t\t\t\t<\/div>\n\t\t<\/section>\n\t\t\t\t<section class=\"elementor-section elementor-top-section elementor-element elementor-element-4a98449 elementor-section-boxed elementor-section-height-default elementor-section-height-default\" data-id=\"4a98449\" data-element_type=\"section\" data-e-type=\"section\">\n\t\t\t\t\t\t<div class=\"elementor-container elementor-column-gap-default\">\n\t\t\t\t\t<div class=\"elementor-column elementor-col-100 elementor-top-column elementor-element elementor-element-3227a90\" data-id=\"3227a90\" data-element_type=\"column\" data-e-type=\"column\">\n\t\t\t<div class=\"elementor-widget-wrap elementor-element-populated\">\n\t\t\t\t\t\t<div class=\"elementor-element elementor-element-4896586 elementor-widget elementor-widget-text-editor\" data-id=\"4896586\" data-element_type=\"widget\" data-e-type=\"widget\" data-widget_type=\"text-editor.default\">\n\t\t\t\t<div class=\"elementor-widget-container\">\n\t\t\t\t\t\t\t\t\t<p>Le mandat de ce comit\u00e9 est de conseiller le Comit\u00e9 directeur dans la planification des activit\u00e9s scientifiques des Banques NuAge \u00e0 moyen et \u00e0 long terme, notamment pour maximiser leur rayonnement au Canada et \u00e0 l\u2019international (collaborations et partenariats). Ces membres ont \u00e9t\u00e9 s\u00e9lectionn\u00e9s parmi les chercheurs \u0153uvrant dans le domaine du vieillissement au Canada (hors-Qu\u00e9bec) et en France, et ayant une expertise et un r\u00e9seau de contacts pertinents pour les Banques.<\/p>\t\t\t\t\t\t\t\t<\/div>\n\t\t\t\t<\/div>\n\t\t\t\t\t<\/div>\n\t\t<\/div>\n\t\t\t\t\t<\/div>\n\t\t<\/section>\n\t\t\t\t<section class=\"elementor-section elementor-top-section elementor-element elementor-element-607352b elementor-section-boxed elementor-section-height-default elementor-section-height-default\" data-id=\"607352b\" data-element_type=\"section\" data-e-type=\"section\">\n\t\t\t\t\t\t<div class=\"elementor-container elementor-column-gap-default\">\n\t\t\t\t\t<div class=\"elementor-column elementor-col-100 elementor-top-column elementor-element elementor-element-3f157d7\" data-id=\"3f157d7\" data-element_type=\"column\" data-e-type=\"column\">\n\t\t\t<div class=\"elementor-widget-wrap elementor-element-populated\">\n\t\t\t\t\t\t<div class=\"elementor-element elementor-element-75d4788 elementor-widget elementor-widget-heading\" data-id=\"75d4788\" data-element_type=\"widget\" data-e-type=\"widget\" data-widget_type=\"heading.default\">\n\t\t\t\t<div class=\"elementor-widget-container\">\n\t\t\t\t\t<h5 class=\"elementor-heading-title elementor-size-default\">Membres actuels, en date du 1<sup>er<\/sup> avril 2021<\/h5>\t\t\t\t<\/div>\n\t\t\t\t<\/div>\n\t\t\t\t\t<\/div>\n\t\t<\/div>\n\t\t\t\t\t<\/div>\n\t\t<\/section>\n\t\t\t\t<section class=\"elementor-section elementor-top-section elementor-element elementor-element-6eaf499 elementor-section-boxed elementor-section-height-default elementor-section-height-default\" data-id=\"6eaf499\" data-element_type=\"section\" data-e-type=\"section\">\n\t\t\t\t\t\t<div class=\"elementor-container elementor-column-gap-default\">\n\t\t\t\t\t<div class=\"elementor-column elementor-col-100 elementor-top-column elementor-element elementor-element-3aba898\" data-id=\"3aba898\" data-element_type=\"column\" data-e-type=\"column\">\n\t\t\t<div class=\"elementor-widget-wrap elementor-element-populated\">\n\t\t\t\t\t\t<div class=\"elementor-element elementor-element-98f5aae elementor-widget elementor-widget-text-editor\" data-id=\"98f5aae\" data-element_type=\"widget\" data-e-type=\"widget\" data-widget_type=\"text-editor.default\">\n\t\t\t\t<div class=\"elementor-widget-container\">\n\t\t\t\t\t\t\t\t\t<ul><li>Jane Rylett, Directrice scientifique de l\u2019Institut du vieillissement (Instituts de recherche en sant\u00e9 du Canada), Professeure \u00e0 l\u2019Universit\u00e9 Western Ontario, Ontario, Canada<\/li><li>Yves Rolland, Professeur au Centre de G\u00e9riatrie du G\u00e9rontop\u00f4le de Toulouse, CHU Purpan, France<\/li><li>Catherine F\u00e9art, Chercheuse \u00e0 l\u2019Institut de recherche INSERM \u2013 Universit\u00e9 de Bordeaux U1219, Bordeaux Population Health (BPH), France<\/li><\/ul>\t\t\t\t\t\t\t\t<\/div>\n\t\t\t\t<\/div>\n\t\t\t\t\t<\/div>\n\t\t<\/div>\n\t\t\t\t\t<\/div>\n\t\t<\/section>\n\t\t\t\t<section class=\"elementor-section elementor-top-section elementor-element elementor-element-e191ee9 elementor-section-boxed elementor-section-height-default elementor-section-height-default\" data-id=\"e191ee9\" data-element_type=\"section\" data-e-type=\"section\">\n\t\t\t\t\t\t<div class=\"elementor-container elementor-column-gap-default\">\n\t\t\t\t\t<div class=\"elementor-column elementor-col-100 elementor-top-column elementor-element elementor-element-8c824ea\" data-id=\"8c824ea\" data-element_type=\"column\" data-e-type=\"column\">\n\t\t\t<div class=\"elementor-widget-wrap elementor-element-populated\">\n\t\t\t\t\t\t<div class=\"elementor-element elementor-element-ffc03d2 elementor-widget elementor-widget-heading\" data-id=\"ffc03d2\" data-element_type=\"widget\" data-e-type=\"widget\" data-widget_type=\"heading.default\">\n\t\t\t\t<div class=\"elementor-widget-container\">\n\t\t\t\t\t<h2 class=\"elementor-heading-title elementor-size-default\">Co-chercheurs et collaborateurs des Banques NuAge <br>\n(financement FRQ jusqu'en 2025)<\/h2>\t\t\t\t<\/div>\n\t\t\t\t<\/div>\n\t\t\t\t\t<\/div>\n\t\t<\/div>\n\t\t\t\t\t<\/div>\n\t\t<\/section>\n\t\t\t\t<section class=\"elementor-section elementor-top-section elementor-element elementor-element-23bd0a2 elementor-section-boxed elementor-section-height-default elementor-section-height-default\" data-id=\"23bd0a2\" data-element_type=\"section\" data-e-type=\"section\">\n\t\t\t\t\t\t<div class=\"elementor-container elementor-column-gap-default\">\n\t\t\t\t\t<div class=\"elementor-column elementor-col-100 elementor-top-column elementor-element elementor-element-ab365fd\" data-id=\"ab365fd\" data-element_type=\"column\" data-e-type=\"column\">\n\t\t\t<div class=\"elementor-widget-wrap elementor-element-populated\">\n\t\t\t\t\t\t<div class=\"elementor-element elementor-element-365498f elementor-widget elementor-widget-text-editor\" data-id=\"365498f\" data-element_type=\"widget\" data-e-type=\"widget\" data-widget_type=\"text-editor.default\">\n\t\t\t\t<div class=\"elementor-widget-container\">\n\t\t\t\t\t\t\t\t\t<p>L\u2019\u00e9quipe de 16 chercheurs de diverses universit\u00e9s du Qu\u00e9bec (Canada) travaille en \u00e9troite collaboration afin d\u2019enrichir les Banques NuAge en nouvelles donn\u00e9es chez les participants de NuAge (voir les objectifs du financement FRQ dans <a href=\"https:\/\/nuage.recherche.usherbrooke.ca\/les-fonds-de-recherche-du-quebec-octroient-un-financement-de-15m-aux-banques-nuage\/\">Actualit\u00e9s<\/a>).<\/p>\t\t\t\t\t\t\t\t<\/div>\n\t\t\t\t<\/div>\n\t\t\t\t\t<\/div>\n\t\t<\/div>\n\t\t\t\t\t<\/div>\n\t\t<\/section>\n\t\t\t\t<section class=\"elementor-section elementor-top-section elementor-element elementor-element-26de7f5 elementor-section-boxed elementor-section-height-default elementor-section-height-default\" data-id=\"26de7f5\" data-element_type=\"section\" data-e-type=\"section\">\n\t\t\t\t\t\t<div class=\"elementor-container elementor-column-gap-default\">\n\t\t\t\t\t<div class=\"elementor-column elementor-col-50 elementor-top-column elementor-element elementor-element-25a53ae\" data-id=\"25a53ae\" data-element_type=\"column\" data-e-type=\"column\">\n\t\t\t<div class=\"elementor-widget-wrap elementor-element-populated\">\n\t\t\t\t\t\t<div class=\"elementor-element elementor-element-5171df3 elementor-widget elementor-widget-text-editor\" data-id=\"5171df3\" data-element_type=\"widget\" data-e-type=\"widget\" data-widget_type=\"text-editor.default\">\n\t\t\t\t<div class=\"elementor-widget-container\">\n\t\t\t\t\t\t\t\t\t<p><span style=\"text-decoration: underline;\"><strong>Co-chercheurs principaux\u00a0:<\/strong><\/span><\/p><ul><li>El\u00e9onor Riesco, Universit\u00e9 de Sherbrooke<\/li><li>Pierrette Gaudreau, Universit\u00e9 de Montr\u00e9al<\/li><li>Dr Jos\u00e9 A. Morais, Universit\u00e9 McGill<\/li><\/ul>\t\t\t\t\t\t\t\t<\/div>\n\t\t\t\t<\/div>\n\t\t\t\t\t<\/div>\n\t\t<\/div>\n\t\t\t\t<div class=\"elementor-column elementor-col-50 elementor-top-column elementor-element elementor-element-eafa8fd\" data-id=\"eafa8fd\" data-element_type=\"column\" data-e-type=\"column\">\n\t\t\t<div class=\"elementor-widget-wrap elementor-element-populated\">\n\t\t\t\t\t\t<div class=\"elementor-element elementor-element-214bbf3 elementor-widget elementor-widget-text-editor\" data-id=\"214bbf3\" data-element_type=\"widget\" data-e-type=\"widget\" data-widget_type=\"text-editor.default\">\n\t\t\t\t<div class=\"elementor-widget-container\">\n\t\t\t\t\t\t\t\t\t<p><span style=\"text-decoration: underline;\"><strong>Co-chercheurs\u00a0et collaborateurs :<\/strong><\/span><\/p><ul><li>Universit\u00e9 de Sherbrooke\u00a0: Alan Cohen, Isabelle Dionne, M\u00e9lanie Levasseur, Benoit Cossette, Manon Guay<\/li><li>Universit\u00e9 de Montr\u00e9al: Sylvie Belleville, Nathalie Bier, Guylaine Ferland, Dre Marie-Jeanne Kergoat<\/li><li>Universit\u00e9 McGill\u00a0: St\u00e9phanie Chevalier, Nancy Mayo<\/li><li>Universit\u00e9 Laval : Edeltraut Kr\u00f6ger<\/li><li>Universit\u00e9 du Qu\u00e9bec \u00e0 Trois-Rivi\u00e8res\u00a0: H\u00e9l\u00e8ne Carbonneau<\/li><\/ul>\t\t\t\t\t\t\t\t<\/div>\n\t\t\t\t<\/div>\n\t\t\t\t\t<\/div>\n\t\t<\/div>\n\t\t\t\t\t<\/div>\n\t\t<\/section>\n\t\t\t\t<section class=\"elementor-section elementor-top-section elementor-element elementor-element-5c46973 elementor-section-boxed elementor-section-height-default elementor-section-height-default\" data-id=\"5c46973\" data-element_type=\"section\" data-e-type=\"section\">\n\t\t\t\t\t\t<div class=\"elementor-container elementor-column-gap-default\">\n\t\t\t\t\t<div class=\"elementor-column elementor-col-100 elementor-top-column elementor-element elementor-element-533e187\" data-id=\"533e187\" data-element_type=\"column\" data-e-type=\"column\">\n\t\t\t<div class=\"elementor-widget-wrap elementor-element-populated\">\n\t\t\t\t\t\t<div class=\"elementor-element elementor-element-62970ed elementor-widget elementor-widget-heading\" data-id=\"62970ed\" data-element_type=\"widget\" data-e-type=\"widget\" data-widget_type=\"heading.default\">\n\t\t\t\t<div class=\"elementor-widget-container\">\n\t\t\t\t\t<h2 class=\"elementor-heading-title elementor-size-default\">Autres membres de l'\u00e9quipe des Banques NuAge<\/h2>\t\t\t\t<\/div>\n\t\t\t\t<\/div>\n\t\t\t\t\t<\/div>\n\t\t<\/div>\n\t\t\t\t\t<\/div>\n\t\t<\/section>\n\t\t\t\t<section class=\"elementor-section elementor-top-section elementor-element elementor-element-c5512ca elementor-section-boxed elementor-section-height-default elementor-section-height-default\" data-id=\"c5512ca\" data-element_type=\"section\" data-e-type=\"section\">\n\t\t\t\t\t\t<div class=\"elementor-container elementor-column-gap-default\">\n\t\t\t\t\t<div class=\"elementor-column elementor-col-50 elementor-top-column elementor-element elementor-element-805d5db\" data-id=\"805d5db\" data-element_type=\"column\" data-e-type=\"column\">\n\t\t\t<div class=\"elementor-widget-wrap elementor-element-populated\">\n\t\t\t\t\t\t<section class=\"elementor-section elementor-inner-section elementor-element elementor-element-9b3aa9b elementor-section-boxed elementor-section-height-default elementor-section-height-default\" data-id=\"9b3aa9b\" data-element_type=\"section\" data-e-type=\"section\">\n\t\t\t\t\t\t<div class=\"elementor-container elementor-column-gap-default\">\n\t\t\t\t\t<div class=\"elementor-column elementor-col-50 elementor-inner-column elementor-element elementor-element-311da45\" data-id=\"311da45\" data-element_type=\"column\" data-e-type=\"column\">\n\t\t\t<div class=\"elementor-widget-wrap elementor-element-populated\">\n\t\t\t\t\t\t<div class=\"elementor-element elementor-element-9dceb66 elementor-widget elementor-widget-image\" data-id=\"9dceb66\" data-element_type=\"widget\" data-e-type=\"widget\" data-widget_type=\"image.default\">\n\t\t\t\t<div class=\"elementor-widget-container\">\n\t\t\t\t\t\t\t\t\t\t\t\t\t\t\t<img loading=\"lazy\" decoding=\"async\" width=\"1920\" height=\"2560\" src=\"https:\/\/nuage.recherche.usherbrooke.ca\/wp-content\/uploads\/2023\/12\/Esther.jpg\" class=\"attachment-full size-full wp-image-2277\" alt=\"\" \/>\t\t\t\t\t\t\t\t\t\t\t\t\t\t\t<\/div>\n\t\t\t\t<\/div>\n\t\t\t\t\t<\/div>\n\t\t<\/div>\n\t\t\t\t<div class=\"elementor-column elementor-col-50 elementor-inner-column elementor-element elementor-element-e402fc9\" data-id=\"e402fc9\" data-element_type=\"column\" data-e-type=\"column\">\n\t\t\t<div class=\"elementor-widget-wrap elementor-element-populated\">\n\t\t\t\t\t\t<div class=\"elementor-element elementor-element-b769b79 elementor-widget elementor-widget-heading\" data-id=\"b769b79\" data-element_type=\"widget\" data-e-type=\"widget\" data-widget_type=\"heading.default\">\n\t\t\t\t<div class=\"elementor-widget-container\">\n\t\t\t\t\t<h3 class=\"elementor-heading-title elementor-size-default\">Esther Marie Fafard, M.A.<\/h3>\t\t\t\t<\/div>\n\t\t\t\t<\/div>\n\t\t\t\t<div class=\"elementor-element elementor-element-5cae081 elementor-widget elementor-widget-text-editor\" data-id=\"5cae081\" data-element_type=\"widget\" data-e-type=\"widget\" data-widget_type=\"text-editor.default\">\n\t\t\t\t<div class=\"elementor-widget-container\">\n\t\t\t\t\t\t\t\t\t<p><em>Coordonnatrice des Banques NuAge<\/em><\/p>\t\t\t\t\t\t\t\t<\/div>\n\t\t\t\t<\/div>\n\t\t\t\t\t<\/div>\n\t\t<\/div>\n\t\t\t\t\t<\/div>\n\t\t<\/section>\n\t\t\t\t\t<\/div>\n\t\t<\/div>\n\t\t\t\t<div class=\"elementor-column elementor-col-50 elementor-top-column elementor-element elementor-element-0b41bdc\" data-id=\"0b41bdc\" data-element_type=\"column\" data-e-type=\"column\">\n\t\t\t<div class=\"elementor-widget-wrap elementor-element-populated\">\n\t\t\t\t\t\t<section class=\"elementor-section elementor-inner-section elementor-element elementor-element-731efe4 elementor-section-boxed elementor-section-height-default elementor-section-height-default\" data-id=\"731efe4\" data-element_type=\"section\" data-e-type=\"section\">\n\t\t\t\t\t\t<div class=\"elementor-container elementor-column-gap-default\">\n\t\t\t\t\t<div class=\"elementor-column elementor-col-100 elementor-inner-column elementor-element elementor-element-d97f994\" data-id=\"d97f994\" data-element_type=\"column\" data-e-type=\"column\">\n\t\t\t<div class=\"elementor-widget-wrap elementor-element-populated\">\n\t\t\t\t\t\t<div class=\"elementor-element elementor-element-d99c44e elementor-widget elementor-widget-text-editor\" data-id=\"d99c44e\" data-element_type=\"widget\" data-e-type=\"widget\" data-widget_type=\"text-editor.default\">\n\t\t\t\t<div class=\"elementor-widget-container\">\n\t\t\t\t\t\t\t\t\t<p>Esther Marie Fafard coordonne l\u2019ensemble des activit\u00e9s de la banque de donn\u00e9es NuAge depuis Juin 2023. Esther a compl\u00e9t\u00e9 un baccalaur\u00e9at en administration des affaires \u00e0 l\u2019Universit\u00e9 du Qu\u00e9bec \u00e0 Montr\u00e9al, une maitrise en sociologie appliqu\u00e9e \u00e0 American University et les cours de doctorat en sociologie de l\u2019\u00e9ducation \u00e0 l\u2019University of Notre Dame. Avant de se joindre aux Banques NuAge, elle a travaill\u00e9 en gestion des donn\u00e9es \u00e0 Westat aux \u00c9tats-Unis sur des projets national de collection de donn\u00e9es et de recherche reli\u00e9s \u00e0 la sant\u00e9 et \u00e0 l\u2019\u00e9ducation. Elle a aussi travaill\u00e9 comme assistante de recherche dans diff\u00e9rentes universit\u00e9s canadiennes et am\u00e9ricaines.<\/p>\t\t\t\t\t\t\t\t<\/div>\n\t\t\t\t<\/div>\n\t\t\t\t\t<\/div>\n\t\t<\/div>\n\t\t\t\t\t<\/div>\n\t\t<\/section>\n\t\t\t\t\t<\/div>\n\t\t<\/div>\n\t\t\t\t\t<\/div>\n\t\t<\/section>\n\t\t\t\t<section class=\"elementor-section elementor-top-section elementor-element elementor-element-ce9d96e elementor-section-boxed elementor-section-height-default elementor-section-height-default\" data-id=\"ce9d96e\" data-element_type=\"section\" data-e-type=\"section\">\n\t\t\t\t\t\t<div class=\"elementor-container elementor-column-gap-default\">\n\t\t\t\t\t<div class=\"elementor-column elementor-col-50 elementor-top-column elementor-element elementor-element-1fe7d71\" data-id=\"1fe7d71\" data-element_type=\"column\" data-e-type=\"column\">\n\t\t\t<div class=\"elementor-widget-wrap elementor-element-populated\">\n\t\t\t\t\t\t<section class=\"elementor-section elementor-inner-section elementor-element elementor-element-dfa0c8b elementor-section-boxed elementor-section-height-default elementor-section-height-default\" data-id=\"dfa0c8b\" data-element_type=\"section\" data-e-type=\"section\">\n\t\t\t\t\t\t<div class=\"elementor-container elementor-column-gap-default\">\n\t\t\t\t\t<div class=\"elementor-column elementor-col-50 elementor-inner-column elementor-element elementor-element-3499c2e\" data-id=\"3499c2e\" data-element_type=\"column\" data-e-type=\"column\">\n\t\t\t<div class=\"elementor-widget-wrap elementor-element-populated\">\n\t\t\t\t\t\t<div class=\"elementor-element elementor-element-9bc34d2 elementor-widget elementor-widget-image\" data-id=\"9bc34d2\" data-element_type=\"widget\" data-e-type=\"widget\" data-widget_type=\"image.default\">\n\t\t\t\t<div class=\"elementor-widget-container\">\n\t\t\t\t\t\t\t\t\t\t\t\t\t\t\t<img loading=\"lazy\" decoding=\"async\" width=\"1730\" height=\"2560\" src=\"https:\/\/nuage.recherche.usherbrooke.ca\/wp-content\/uploads\/2020\/11\/Larcher-P-photo-scaled.jpg\" class=\"attachment-full size-full wp-image-800\" alt=\"\" srcset=\"https:\/\/nuage.recherche.usherbrooke.ca\/wp-content\/uploads\/2020\/11\/Larcher-P-photo-scaled.jpg 1730w, https:\/\/nuage.recherche.usherbrooke.ca\/wp-content\/uploads\/2020\/11\/Larcher-P-photo-203x300.jpg 203w, https:\/\/nuage.recherche.usherbrooke.ca\/wp-content\/uploads\/2020\/11\/Larcher-P-photo-692x1024.jpg 692w, https:\/\/nuage.recherche.usherbrooke.ca\/wp-content\/uploads\/2020\/11\/Larcher-P-photo-768x1136.jpg 768w, https:\/\/nuage.recherche.usherbrooke.ca\/wp-content\/uploads\/2020\/11\/Larcher-P-photo-1038x1536.jpg 1038w, https:\/\/nuage.recherche.usherbrooke.ca\/wp-content\/uploads\/2020\/11\/Larcher-P-photo-1384x2048.jpg 1384w, https:\/\/nuage.recherche.usherbrooke.ca\/wp-content\/uploads\/2020\/11\/Larcher-P-photo-41x60.jpg 41w\" sizes=\"(max-width: 1730px) 100vw, 1730px\" \/>\t\t\t\t\t\t\t\t\t\t\t\t\t\t\t<\/div>\n\t\t\t\t<\/div>\n\t\t\t\t\t<\/div>\n\t\t<\/div>\n\t\t\t\t<div class=\"elementor-column elementor-col-50 elementor-inner-column elementor-element elementor-element-b8ce91b\" data-id=\"b8ce91b\" data-element_type=\"column\" data-e-type=\"column\">\n\t\t\t<div class=\"elementor-widget-wrap elementor-element-populated\">\n\t\t\t\t\t\t<div class=\"elementor-element elementor-element-f9443fe elementor-widget elementor-widget-heading\" data-id=\"f9443fe\" data-element_type=\"widget\" data-e-type=\"widget\" data-widget_type=\"heading.default\">\n\t\t\t\t<div class=\"elementor-widget-container\">\n\t\t\t\t\t<h3 class=\"elementor-heading-title elementor-size-default\">Patricia Larcher, B.Sc.\u200b<\/h3>\t\t\t\t<\/div>\n\t\t\t\t<\/div>\n\t\t\t\t<div class=\"elementor-element elementor-element-6320c17 elementor-widget elementor-widget-text-editor\" data-id=\"6320c17\" data-element_type=\"widget\" data-e-type=\"widget\" data-widget_type=\"text-editor.default\">\n\t\t\t\t<div class=\"elementor-widget-container\">\n\t\t\t\t\t\t\t\t\t<p><em>Coordonnatrice de la Banque d\u2019\u00e9chantillons biologiques NuAge (biobanque) <\/em><\/p><p>\u00a0<\/p>\t\t\t\t\t\t\t\t<\/div>\n\t\t\t\t<\/div>\n\t\t\t\t\t<\/div>\n\t\t<\/div>\n\t\t\t\t\t<\/div>\n\t\t<\/section>\n\t\t\t\t\t<\/div>\n\t\t<\/div>\n\t\t\t\t<div class=\"elementor-column elementor-col-50 elementor-top-column elementor-element elementor-element-2fc6aea\" data-id=\"2fc6aea\" data-element_type=\"column\" data-e-type=\"column\">\n\t\t\t<div class=\"elementor-widget-wrap elementor-element-populated\">\n\t\t\t\t\t\t<section class=\"elementor-section elementor-inner-section elementor-element elementor-element-b405b4c elementor-section-boxed elementor-section-height-default elementor-section-height-default\" data-id=\"b405b4c\" data-element_type=\"section\" data-e-type=\"section\">\n\t\t\t\t\t\t<div class=\"elementor-container elementor-column-gap-default\">\n\t\t\t\t\t<div class=\"elementor-column elementor-col-100 elementor-inner-column elementor-element elementor-element-b4fd7ca\" data-id=\"b4fd7ca\" data-element_type=\"column\" data-e-type=\"column\">\n\t\t\t<div class=\"elementor-widget-wrap elementor-element-populated\">\n\t\t\t\t\t\t<div class=\"elementor-element elementor-element-0bc11c6 elementor-widget elementor-widget-text-editor\" data-id=\"0bc11c6\" data-element_type=\"widget\" data-e-type=\"widget\" data-widget_type=\"text-editor.default\">\n\t\t\t\t<div class=\"elementor-widget-container\">\n\t\t\t\t\t\t\t\t\t<p>Mme Patricia Larcher est coordonnatrice de la biobanque NuAge depuis 2004. Elle est professionnelle de recherche au Centre de recherche du Centre hospitalier de l&rsquo;Universit\u00e9 de Montr\u00e9al dans le laboratoire de la Dre Pierrette Gaudreau. Elle d\u00e9tient un baccalaur\u00e9at en sciences biologiques de l&rsquo;Universit\u00e9 de Montr\u00e9al (1997-2000). Depuis, elle a cumul\u00e9 de l&rsquo;exp\u00e9rience en laboratoire clinique (2000), en recherche pr\u00e9clinique (2000-2002) et en recherche fondamentale (depuis 2002).<\/p>\t\t\t\t\t\t\t\t<\/div>\n\t\t\t\t<\/div>\n\t\t\t\t\t<\/div>\n\t\t<\/div>\n\t\t\t\t\t<\/div>\n\t\t<\/section>\n\t\t\t\t\t<\/div>\n\t\t<\/div>\n\t\t\t\t\t<\/div>\n\t\t<\/section>\n\t\t\t\t<section class=\"elementor-section elementor-top-section elementor-element elementor-element-b5c542f elementor-section-boxed elementor-section-height-default elementor-section-height-default\" data-id=\"b5c542f\" data-element_type=\"section\" data-e-type=\"section\">\n\t\t\t\t\t\t<div class=\"elementor-container elementor-column-gap-default\">\n\t\t\t\t\t<div class=\"elementor-column elementor-col-50 elementor-top-column elementor-element elementor-element-44a9da3\" data-id=\"44a9da3\" data-element_type=\"column\" data-e-type=\"column\">\n\t\t\t<div class=\"elementor-widget-wrap elementor-element-populated\">\n\t\t\t\t\t\t<section class=\"elementor-section elementor-inner-section elementor-element elementor-element-0abb9af elementor-section-boxed elementor-section-height-default elementor-section-height-default\" data-id=\"0abb9af\" data-element_type=\"section\" data-e-type=\"section\">\n\t\t\t\t\t\t<div class=\"elementor-container elementor-column-gap-default\">\n\t\t\t\t\t<div class=\"elementor-column elementor-col-50 elementor-inner-column elementor-element elementor-element-a5999ba\" data-id=\"a5999ba\" data-element_type=\"column\" data-e-type=\"column\">\n\t\t\t<div class=\"elementor-widget-wrap elementor-element-populated\">\n\t\t\t\t\t\t<div class=\"elementor-element elementor-element-1e70133 elementor-widget elementor-widget-image\" data-id=\"1e70133\" data-element_type=\"widget\" data-e-type=\"widget\" data-widget_type=\"image.default\">\n\t\t\t\t<div class=\"elementor-widget-container\">\n\t\t\t\t\t\t\t\t\t\t\t\t\t\t\t<img loading=\"lazy\" decoding=\"async\" width=\"3404\" height=\"5106\" src=\"https:\/\/nuage.recherche.usherbrooke.ca\/wp-content\/uploads\/2023\/12\/Adeline.jpg\" class=\"attachment-full size-full wp-image-2281\" alt=\"\" \/>\t\t\t\t\t\t\t\t\t\t\t\t\t\t\t<\/div>\n\t\t\t\t<\/div>\n\t\t\t\t\t<\/div>\n\t\t<\/div>\n\t\t\t\t<div class=\"elementor-column elementor-col-50 elementor-inner-column elementor-element elementor-element-cdd7f6b\" data-id=\"cdd7f6b\" data-element_type=\"column\" data-e-type=\"column\">\n\t\t\t<div class=\"elementor-widget-wrap elementor-element-populated\">\n\t\t\t\t\t\t<div class=\"elementor-element elementor-element-2ad594b elementor-widget elementor-widget-heading\" data-id=\"2ad594b\" data-element_type=\"widget\" data-e-type=\"widget\" data-widget_type=\"heading.default\">\n\t\t\t\t<div class=\"elementor-widget-container\">\n\t\t\t\t\t<h3 class=\"elementor-heading-title elementor-size-default\">Adeline Fontvieille, Ph.D<\/h3>\t\t\t\t<\/div>\n\t\t\t\t<\/div>\n\t\t\t\t<div class=\"elementor-element elementor-element-bf32101 elementor-widget elementor-widget-text-editor\" data-id=\"bf32101\" data-element_type=\"widget\" data-e-type=\"widget\" data-widget_type=\"text-editor.default\">\n\t\t\t\t<div class=\"elementor-widget-container\">\n\t\t\t\t\t\t\t\t\t<p><em>Soutien administratif et technique pour les Banques NuAge<\/em><\/p><p>\u00a0<\/p>\t\t\t\t\t\t\t\t<\/div>\n\t\t\t\t<\/div>\n\t\t\t\t\t<\/div>\n\t\t<\/div>\n\t\t\t\t\t<\/div>\n\t\t<\/section>\n\t\t\t\t\t<\/div>\n\t\t<\/div>\n\t\t\t\t<div class=\"elementor-column elementor-col-50 elementor-top-column elementor-element elementor-element-ba402b2\" data-id=\"ba402b2\" data-element_type=\"column\" data-e-type=\"column\">\n\t\t\t<div class=\"elementor-widget-wrap elementor-element-populated\">\n\t\t\t\t\t\t<section class=\"elementor-section elementor-inner-section elementor-element elementor-element-ec3b483 elementor-section-boxed elementor-section-height-default elementor-section-height-default\" data-id=\"ec3b483\" data-element_type=\"section\" data-e-type=\"section\">\n\t\t\t\t\t\t<div class=\"elementor-container elementor-column-gap-default\">\n\t\t\t\t\t<div class=\"elementor-column elementor-col-100 elementor-inner-column elementor-element elementor-element-87662e7\" data-id=\"87662e7\" data-element_type=\"column\" data-e-type=\"column\">\n\t\t\t<div class=\"elementor-widget-wrap elementor-element-populated\">\n\t\t\t\t\t\t<div class=\"elementor-element elementor-element-3d095bb elementor-widget elementor-widget-text-editor\" data-id=\"3d095bb\" data-element_type=\"widget\" data-e-type=\"widget\" data-widget_type=\"text-editor.default\">\n\t\t\t\t<div class=\"elementor-widget-container\">\n\t\t\t\t\t\t\t\t\t<p>Adeline Fontvieille assure un soutien administratif et technique pour les Banques NuAge depuis Novembre 2018 avec la Pre Nancy Presse, \u00e0 titre d\u2019assistante de recherche au Centre de recherche sur le vieillissement. Elle a termin\u00e9 son doctorat en science de l\u2019activit\u00e9 physique \u00e0 l\u2019Universit\u00e9 de Sherbrooke. Sa th\u00e9matique de recherche est ax\u00e9e sur l\u2019effet de l\u2019exercice physique sur la fatigue li\u00e9e au cancer durant les traitements adjuvants de chimioth\u00e9rapie et la compr\u00e9hension des m\u00e9canismes physiologiques sous-jacents.<\/p>\t\t\t\t\t\t\t\t<\/div>\n\t\t\t\t<\/div>\n\t\t\t\t\t<\/div>\n\t\t<\/div>\n\t\t\t\t\t<\/div>\n\t\t<\/section>\n\t\t\t\t\t<\/div>\n\t\t<\/div>\n\t\t\t\t\t<\/div>\n\t\t<\/section>\n\t\t\t\t<section class=\"elementor-section elementor-top-section elementor-element elementor-element-026bdeb elementor-section-boxed elementor-section-height-default elementor-section-height-default\" data-id=\"026bdeb\" data-element_type=\"section\" data-e-type=\"section\">\n\t\t\t\t\t\t<div class=\"elementor-container elementor-column-gap-default\">\n\t\t\t\t\t<div class=\"elementor-column elementor-col-50 elementor-top-column elementor-element elementor-element-8ac5eaa\" data-id=\"8ac5eaa\" data-element_type=\"column\" data-e-type=\"column\">\n\t\t\t<div class=\"elementor-widget-wrap elementor-element-populated\">\n\t\t\t\t\t\t<section class=\"elementor-section elementor-inner-section elementor-element elementor-element-9ef4522 elementor-section-boxed elementor-section-height-default elementor-section-height-default\" data-id=\"9ef4522\" data-element_type=\"section\" data-e-type=\"section\">\n\t\t\t\t\t\t<div class=\"elementor-container elementor-column-gap-default\">\n\t\t\t\t\t<div class=\"elementor-column elementor-col-50 elementor-inner-column elementor-element elementor-element-7098d6c\" data-id=\"7098d6c\" data-element_type=\"column\" data-e-type=\"column\">\n\t\t\t<div class=\"elementor-widget-wrap elementor-element-populated\">\n\t\t\t\t\t\t<div class=\"elementor-element elementor-element-8e92dcc elementor-widget elementor-widget-image\" data-id=\"8e92dcc\" data-element_type=\"widget\" data-e-type=\"widget\" data-widget_type=\"image.default\">\n\t\t\t\t<div class=\"elementor-widget-container\">\n\t\t\t\t\t\t\t\t\t\t\t\t\t\t\t<img loading=\"lazy\" decoding=\"async\" width=\"2667\" height=\"3998\" src=\"https:\/\/nuage.recherche.usherbrooke.ca\/wp-content\/uploads\/2023\/12\/Isabelle.jpg\" class=\"attachment-full size-full wp-image-2305\" alt=\"\" \/>\t\t\t\t\t\t\t\t\t\t\t\t\t\t\t<\/div>\n\t\t\t\t<\/div>\n\t\t\t\t\t<\/div>\n\t\t<\/div>\n\t\t\t\t<div class=\"elementor-column elementor-col-50 elementor-inner-column elementor-element elementor-element-dd94ee4\" data-id=\"dd94ee4\" data-element_type=\"column\" data-e-type=\"column\">\n\t\t\t<div class=\"elementor-widget-wrap elementor-element-populated\">\n\t\t\t\t\t\t<div class=\"elementor-element elementor-element-48bc3e3 elementor-widget elementor-widget-heading\" data-id=\"48bc3e3\" data-element_type=\"widget\" data-e-type=\"widget\" data-widget_type=\"heading.default\">\n\t\t\t\t<div class=\"elementor-widget-container\">\n\t\t\t\t\t<h3 class=\"elementor-heading-title elementor-size-default\">Isabelle Reid, M.Sc.<\/h3>\t\t\t\t<\/div>\n\t\t\t\t<\/div>\n\t\t\t\t\t<\/div>\n\t\t<\/div>\n\t\t\t\t\t<\/div>\n\t\t<\/section>\n\t\t\t\t\t<\/div>\n\t\t<\/div>\n\t\t\t\t<div class=\"elementor-column elementor-col-50 elementor-top-column elementor-element elementor-element-2c0d193\" data-id=\"2c0d193\" data-element_type=\"column\" data-e-type=\"column\">\n\t\t\t<div class=\"elementor-widget-wrap elementor-element-populated\">\n\t\t\t\t\t\t<section class=\"elementor-section elementor-inner-section elementor-element elementor-element-9825189 elementor-section-boxed elementor-section-height-default elementor-section-height-default\" data-id=\"9825189\" data-element_type=\"section\" data-e-type=\"section\">\n\t\t\t\t\t\t<div class=\"elementor-container elementor-column-gap-default\">\n\t\t\t\t\t<div class=\"elementor-column elementor-col-100 elementor-inner-column elementor-element elementor-element-f1e7088\" data-id=\"f1e7088\" data-element_type=\"column\" data-e-type=\"column\">\n\t\t\t<div class=\"elementor-widget-wrap elementor-element-populated\">\n\t\t\t\t\t\t<div class=\"elementor-element elementor-element-65bb901 elementor-widget elementor-widget-text-editor\" data-id=\"65bb901\" data-element_type=\"widget\" data-e-type=\"widget\" data-widget_type=\"text-editor.default\">\n\t\t\t\t<div class=\"elementor-widget-container\">\n\t\t\t\t\t\t\t\t\t<p>Isabelle Reid est agente de recherche au Laboratoire sur l\u2019alimentation des a\u00een\u00e9s et la nutrition g\u00e9riatrique dirig\u00e9 par la Pre Nancy Presse. Elle assurera le dernier suivi avec les survivants de la cohorte NuAge. Isabelle est membre de l\u2019Ordre des di\u00e9t\u00e9tistes-nutritionnistes du Qu\u00e9bec. Elle d\u00e9tient un baccalaur\u00e9at en nutrition (2000) ainsi qu\u2019une ma\u00eetrise en nutrition clinique et pr\u00e9ventive du d\u00e9partement de nutrition de la Facult\u00e9 de m\u00e9decine de l\u2019Universit\u00e9 de Montr\u00e9al (2003). Elle a d\u00e9velopp\u00e9 une expertise particuli\u00e8re pour l\u2019appr\u00e9ciation et la conception d\u2019outils \u00e9ducatifs pour les programmes d\u2019intervention communautaires.\u00a0\u00a0<\/p><p>Elle cumule plus de 20 ans d\u2019exp\u00e9rience en tant que professionnelle de recherche concernant la coordination rigoureuse et m\u00e9thodique d\u2019\u00e9tudes portant principalement sur le risque nutritionnel des personnes a\u00een\u00e9es avec ou sans atteintes cognitives vivant en soins de longue dur\u00e9e ou \u00e0 domicile. Elle est active au niveau du transfert des connaissances r\u00e9sultant des \u00e9tudes cliniques afin d\u2019am\u00e9liorer la qualit\u00e9 de vie des personnes a\u00een\u00e9es ainsi que les pratiques cliniques.\u00a0\u00a0<\/p><p>Elle se d\u00e9marque par son sourire, sa douceur et son approche est rassurante pour\u00a0les personnes a\u00een\u00e9es et leur famille.<\/p>\t\t\t\t\t\t\t\t<\/div>\n\t\t\t\t<\/div>\n\t\t\t\t\t<\/div>\n\t\t<\/div>\n\t\t\t\t\t<\/div>\n\t\t<\/section>\n\t\t\t\t\t<\/div>\n\t\t<\/div>\n\t\t\t\t\t<\/div>\n\t\t<\/section>\n\t\t\t\t<section class=\"elementor-section elementor-top-section elementor-element elementor-element-ac27c22 elementor-section-boxed elementor-section-height-default elementor-section-height-default\" data-id=\"ac27c22\" data-element_type=\"section\" data-e-type=\"section\">\n\t\t\t\t\t\t<div class=\"elementor-container elementor-column-gap-default\">\n\t\t\t\t\t<div class=\"elementor-column elementor-col-100 elementor-top-column elementor-element elementor-element-69bed55\" data-id=\"69bed55\" data-element_type=\"column\" data-e-type=\"column\">\n\t\t\t<div class=\"elementor-widget-wrap elementor-element-populated\">\n\t\t\t\t\t\t<div class=\"elementor-element elementor-element-dcb9e23 elementor-widget elementor-widget-heading\" data-id=\"dcb9e23\" data-element_type=\"widget\" data-e-type=\"widget\" data-widget_type=\"heading.default\">\n\t\t\t\t<div class=\"elementor-widget-container\">\n\t\t\t\t\t<h2 class=\"elementor-heading-title elementor-size-default\">Remerciement<\/h2>\t\t\t\t<\/div>\n\t\t\t\t<\/div>\n\t\t\t\t\t<\/div>\n\t\t<\/div>\n\t\t\t\t\t<\/div>\n\t\t<\/section>\n\t\t\t\t<section class=\"elementor-section elementor-top-section elementor-element elementor-element-e5c4a48 elementor-section-boxed elementor-section-height-default elementor-section-height-default\" data-id=\"e5c4a48\" data-element_type=\"section\" data-e-type=\"section\">\n\t\t\t\t\t\t<div class=\"elementor-container elementor-column-gap-default\">\n\t\t\t\t\t<div class=\"elementor-column elementor-col-50 elementor-top-column elementor-element elementor-element-6bb9a9d\" data-id=\"6bb9a9d\" data-element_type=\"column\" data-e-type=\"column\">\n\t\t\t<div class=\"elementor-widget-wrap elementor-element-populated\">\n\t\t\t\t\t\t<section class=\"elementor-section elementor-inner-section elementor-element elementor-element-07e9eac elementor-section-boxed elementor-section-height-default elementor-section-height-default\" data-id=\"07e9eac\" data-element_type=\"section\" data-e-type=\"section\">\n\t\t\t\t\t\t<div class=\"elementor-container elementor-column-gap-default\">\n\t\t\t\t\t<div class=\"elementor-column elementor-col-50 elementor-inner-column elementor-element elementor-element-8ccdd21\" data-id=\"8ccdd21\" data-element_type=\"column\" data-e-type=\"column\">\n\t\t\t<div class=\"elementor-widget-wrap elementor-element-populated\">\n\t\t\t\t\t\t<div class=\"elementor-element elementor-element-5eaee6c elementor-widget elementor-widget-image\" data-id=\"5eaee6c\" data-element_type=\"widget\" data-e-type=\"widget\" data-widget_type=\"image.default\">\n\t\t\t\t<div class=\"elementor-widget-container\">\n\t\t\t\t\t\t\t\t\t\t\t\t\t\t\t<img loading=\"lazy\" decoding=\"async\" width=\"940\" height=\"1144\" src=\"https:\/\/nuage.recherche.usherbrooke.ca\/wp-content\/uploads\/2020\/10\/Turcot-V-photo-rognee.jpg\" class=\"attachment-full size-full wp-image-730\" alt=\"\" srcset=\"https:\/\/nuage.recherche.usherbrooke.ca\/wp-content\/uploads\/2020\/10\/Turcot-V-photo-rognee.jpg 940w, https:\/\/nuage.recherche.usherbrooke.ca\/wp-content\/uploads\/2020\/10\/Turcot-V-photo-rognee-247x300.jpg 247w, https:\/\/nuage.recherche.usherbrooke.ca\/wp-content\/uploads\/2020\/10\/Turcot-V-photo-rognee-841x1024.jpg 841w, https:\/\/nuage.recherche.usherbrooke.ca\/wp-content\/uploads\/2020\/10\/Turcot-V-photo-rognee-768x935.jpg 768w, https:\/\/nuage.recherche.usherbrooke.ca\/wp-content\/uploads\/2020\/10\/Turcot-V-photo-rognee-49x60.jpg 49w\" sizes=\"(max-width: 940px) 100vw, 940px\" \/>\t\t\t\t\t\t\t\t\t\t\t\t\t\t\t<\/div>\n\t\t\t\t<\/div>\n\t\t\t\t\t<\/div>\n\t\t<\/div>\n\t\t\t\t<div class=\"elementor-column elementor-col-50 elementor-inner-column elementor-element elementor-element-beabf7f\" data-id=\"beabf7f\" data-element_type=\"column\" data-e-type=\"column\">\n\t\t\t<div class=\"elementor-widget-wrap elementor-element-populated\">\n\t\t\t\t\t\t<div class=\"elementor-element elementor-element-0392886 elementor-widget elementor-widget-heading\" data-id=\"0392886\" data-element_type=\"widget\" data-e-type=\"widget\" data-widget_type=\"heading.default\">\n\t\t\t\t<div class=\"elementor-widget-container\">\n\t\t\t\t\t<h3 class=\"elementor-heading-title elementor-size-default\">Val\u00e9rie Turcot, Ph.D.\u200b<\/h3>\t\t\t\t<\/div>\n\t\t\t\t<\/div>\n\t\t\t\t\t<\/div>\n\t\t<\/div>\n\t\t\t\t\t<\/div>\n\t\t<\/section>\n\t\t\t\t\t<\/div>\n\t\t<\/div>\n\t\t\t\t<div class=\"elementor-column elementor-col-50 elementor-top-column elementor-element elementor-element-887e49a\" data-id=\"887e49a\" data-element_type=\"column\" data-e-type=\"column\">\n\t\t\t<div class=\"elementor-widget-wrap elementor-element-populated\">\n\t\t\t\t\t\t<section class=\"elementor-section elementor-inner-section elementor-element elementor-element-3d7682e elementor-section-boxed elementor-section-height-default elementor-section-height-default\" data-id=\"3d7682e\" data-element_type=\"section\" data-e-type=\"section\">\n\t\t\t\t\t\t<div class=\"elementor-container elementor-column-gap-default\">\n\t\t\t\t\t<div class=\"elementor-column elementor-col-100 elementor-inner-column elementor-element elementor-element-657822a\" data-id=\"657822a\" data-element_type=\"column\" data-e-type=\"column\">\n\t\t\t<div class=\"elementor-widget-wrap elementor-element-populated\">\n\t\t\t\t\t\t<div class=\"elementor-element elementor-element-de88828 elementor-widget elementor-widget-text-editor\" data-id=\"de88828\" data-element_type=\"widget\" data-e-type=\"widget\" data-widget_type=\"text-editor.default\">\n\t\t\t\t<div class=\"elementor-widget-container\">\n\t\t\t\t\t\t\t\t\t<p>Val\u00e9rie Turcot a coordonn\u00e9 l\u2019ensemble des activit\u00e9s g\u00e9n\u00e9rales des Banques NuAge de 2018-2023 et \u00e9tait agente de recherche dans le Laboratoire sur l\u2019alimentation des a\u00een\u00e9s et la nutrition g\u00e9riatrique dirig\u00e9 par la Pre Nancy Presse. Dre Turcot a particip\u00e9 activement \u00e0 l\u2019\u00e9laboration, \u00e0 l\u2019application et au suivi des orientations strat\u00e9giques et scientifiques des Banques NuAge. Elle a assur\u00e9 le contr\u00f4le de la qualit\u00e9, de la validit\u00e9 et elle a coordonn\u00e9 l\u2019int\u00e9gration de nouvelles donn\u00e9es dans les Banque NuAge, et ce, tout en offrant un soutien hors pair aux chercheurs et utilisateurs des Banques NuAge.<\/p>\t\t\t\t\t\t\t\t<\/div>\n\t\t\t\t<\/div>\n\t\t\t\t\t<\/div>\n\t\t<\/div>\n\t\t\t\t\t<\/div>\n\t\t<\/section>\n\t\t\t\t\t<\/div>\n\t\t<\/div>\n\t\t\t\t\t<\/div>\n\t\t<\/section>\n\t\t\t\t<\/div>\n\t\t","protected":false},"excerpt":{"rendered":"<p>L&rsquo;\u00e9quipe Derni\u00e8re mise \u00e0 jour: 30 Septembre 2025 Les Banques NuAge sont sous la responsabilit\u00e9 d\u2019un Comit\u00e9 directeur actuellement compos\u00e9 de cinq chercheurs, dont deux &hellip; <\/p>","protected":false},"author":3,"featured_media":0,"parent":0,"menu_order":0,"comment_status":"closed","ping_status":"closed","template":"","meta":{"footnotes":""},"class_list":["post-490","page","type-page","status-publish","hentry"],"_links":{"self":[{"href":"https:\/\/nuage.recherche.usherbrooke.ca\/en\/wp-json\/wp\/v2\/pages\/490","targetHints":{"allow":["GET"]}}],"collection":[{"href":"https:\/\/nuage.recherche.usherbrooke.ca\/en\/wp-json\/wp\/v2\/pages"}],"about":[{"href":"https:\/\/nuage.recherche.usherbrooke.ca\/en\/wp-json\/wp\/v2\/types\/page"}],"author":[{"embeddable":true,"href":"https:\/\/nuage.recherche.usherbrooke.ca\/en\/wp-json\/wp\/v2\/users\/3"}],"replies":[{"embeddable":true,"href":"https:\/\/nuage.recherche.usherbrooke.ca\/en\/wp-json\/wp\/v2\/comments?post=490"}],"version-history":[{"count":371,"href":"https:\/\/nuage.recherche.usherbrooke.ca\/en\/wp-json\/wp\/v2\/pages\/490\/revisions"}],"predecessor-version":[{"id":2650,"href":"https:\/\/nuage.recherche.usherbrooke.ca\/en\/wp-json\/wp\/v2\/pages\/490\/revisions\/2650"}],"wp:attachment":[{"href":"https:\/\/nuage.recherche.usherbrooke.ca\/en\/wp-json\/wp\/v2\/media?parent=490"}],"curies":[{"name":"wp","href":"https:\/\/api.w.org\/{rel}","templated":true}]}}